{"id":1021,"date":"2020-01-20T06:55:51","date_gmt":"2020-01-20T06:55:51","guid":{"rendered":"https:\/\/yapadu.es\/?page_id=1021"},"modified":"2025-12-10T09:43:31","modified_gmt":"2025-12-10T09:43:31","slug":"reportes","status":"publish","type":"page","link":"https:\/\/yapadu.es\/ca\/jack-el-destripador\/reportes\/","title":{"rendered":"BANNER 1: Pr\u00f3ximamente"},"content":{"rendered":"<section class=\"section\" id=\"section_837066232\">\n\t\t<div class=\"bg section-bg fill bg-fill  bg-loaded\" >\n\n\t\t\t\n\t\t\t\n\t\t\t\n\n\t\t<\/div><!-- .section-bg -->\n\n\t\t<div class=\"section-content relative\">\n\t\t\t\n\n<div class=\"is-divider divider clearfix\" style=\"height:137px;\"><\/div><!-- .divider -->\n\n<a href=\"https:\/\/yapadu.es\/ca\/\" target=\"_self\" class=\"button primary\"  >\n  <i class=\"icon-angle-left\" ><\/i>  <span>volver a inicio<\/span>\n  <\/a>\n\n\n<div class=\"row row-large align-middle\"  id=\"row-68197222\">\n\n<div class=\"col medium-5 small-12 large-5\"  ><div class=\"col-inner text-left\"  >\n\n<h2 class=\"uppercase\"><span style=\"font-size: 230%; color: #ffffff;\" data-line-height=\"l\"><strong>ELS <br \/>DUELISTES<\/strong><\/span><\/h2>\n<div class=\"is-divider divider clearfix\" style=\"height:58px;\"><\/div><!-- .divider -->\n\n<blockquote>\n<p><span style=\"font-size: 120%;\"><span style=\"color: #c0c0c0;\">Estreno l'onze de decembre<\/p>\n<p><\/span><\/span><\/p>\n<\/blockquote>\n\n<\/div><\/div>\n<div class=\"col medium-7 small-12 large-7\"  ><div class=\"col-inner\"  >\n\n\t<div class=\"img has-hover x md-x lg-x y md-y lg-y\" id=\"image_1542720761\">\n\t\t\t\t\t\t\t\t<div class=\"img-inner image-cover dark\" style=\"padding-top:249px;margin:0px 0px -0 0px;\">\n\t\t\t<img loading=\"lazy\" decoding=\"async\" width=\"1020\" height=\"681\" src=\"https:\/\/yapadu.es\/wp-content\/uploads\/2025\/12\/00006LOS-DUELISTAS-1024x684.jpg\" class=\"attachment-large size-large\" alt=\"\" srcset=\"https:\/\/yapadu.es\/wp-content\/uploads\/2025\/12\/00006LOS-DUELISTAS-1024x684.jpg 1024w, https:\/\/yapadu.es\/wp-content\/uploads\/2025\/12\/00006LOS-DUELISTAS-300x200.jpg 300w, https:\/\/yapadu.es\/wp-content\/uploads\/2025\/12\/00006LOS-DUELISTAS-768x513.jpg 768w, https:\/\/yapadu.es\/wp-content\/uploads\/2025\/12\/00006LOS-DUELISTAS-1536x1026.jpg 1536w, https:\/\/yapadu.es\/wp-content\/uploads\/2025\/12\/00006LOS-DUELISTAS-2048x1368.jpg 2048w, https:\/\/yapadu.es\/wp-content\/uploads\/2025\/12\/00006LOS-DUELISTAS-18x12.jpg 18w\" sizes=\"auto, (max-width: 1020px) 100vw, 1020px\" \/>\t\t\t\t\t\t\n\t\t\t\t\t<\/div>\n\t\t\t\t\t\t\t\t\n<style scope=\"scope\">\n\n#image_1542720761 {\n  width: 100%;\n}\n<\/style>\n\t<\/div>\n\t\n\n<h1> <span style=\"font-size: 140%;color: #ffffff;\" data-line-height=\"l\";>Una producci\u00f3 teatral que desembeina la veritat, l'honor i la tra\u00efci\u00f3<\/h1>\n\n<\/div><\/div>\n\n\n<style scope=\"scope\">\n\n<\/style>\n<\/div>\n\n\t\t<\/div><!-- .section-content -->\n\n\t\t\n<style scope=\"scope\">\n\n#section_837066232 {\n  padding-top: 0px;\n  padding-bottom: 0px;\n  min-height: 650px;\n  background-color: rgb(22, 22, 22);\n}\n<\/style>\n\t<\/section>\n\t\n\t<section class=\"section\" id=\"section_359789996\">\n\t\t<div class=\"bg section-bg fill bg-fill  bg-loaded\" >\n\n\t\t\t\n\t\t\t\n\t\t\t\n\t<div class=\"is-border\"\n\t\tstyle=\"border-color:rgb(235, 235, 235);border-width:1px 0px 0px 0px;\">\n\t<\/div>\n\n\t\t<\/div><!-- .section-bg -->\n\n\t\t<div class=\"section-content relative\">\n\t\t\t\n\n<div class=\"row\"  id=\"row-1442813151\">\n\n<div class=\"col medium-4 small-12 large-4 col-divided\"  ><div class=\"col-inner text-left\"  >\n\n<h1 style=\"text-align: left;\"><span style=\"font-size: 140%; color: #000000;\">Funcions de l'11 de desembre al 18 de gener a la sala Jardiel Poncela del *Fern\u00e1n G\u00f3mez<\/span><\/h1>\n\t<div class=\"img has-hover x md-x lg-x y md-y lg-y\" id=\"image_921934551\">\n\t\t<a class=\"\" href=\"https:\/\/www.hortanoticias.com\/hurgando-en-las-tripas-de-jack-el-destripador\/\" target=\"_blank\" rel=\"noopener noreferrer\" >\t\t\t\t\t\t<div class=\"img-inner dark\" >\n\t\t\t<img loading=\"lazy\" decoding=\"async\" width=\"731\" height=\"1024\" src=\"https:\/\/yapadu.es\/wp-content\/uploads\/2025\/12\/CARTEL-DUELISTAS-731x1024.jpg\" class=\"attachment-large size-large\" alt=\"\" srcset=\"https:\/\/yapadu.es\/wp-content\/uploads\/2025\/12\/CARTEL-DUELISTAS-731x1024.jpg 731w, https:\/\/yapadu.es\/wp-content\/uploads\/2025\/12\/CARTEL-DUELISTAS-214x300.jpg 214w, https:\/\/yapadu.es\/wp-content\/uploads\/2025\/12\/CARTEL-DUELISTAS-768x1076.jpg 768w, https:\/\/yapadu.es\/wp-content\/uploads\/2025\/12\/CARTEL-DUELISTAS-1097x1536.jpg 1097w, https:\/\/yapadu.es\/wp-content\/uploads\/2025\/12\/CARTEL-DUELISTAS-9x12.jpg 9w, https:\/\/yapadu.es\/wp-content\/uploads\/2025\/12\/CARTEL-DUELISTAS.jpg 1462w\" sizes=\"auto, (max-width: 731px) 100vw, 731px\" \/>\t\t\t\t\t\t\n\t\t\t\t\t<\/div>\n\t\t\t\t\t\t<\/a>\t\t\n<style scope=\"scope\">\n\n#image_921934551 {\n  width: 100%;\n}\n<\/style>\n\t<\/div>\n\t\n\n\n<\/div><\/div>\n<div class=\"col medium-7 small-12 large-7 small-col-first\"  ><div class=\"col-inner\"  >\n\n<p>\u00a0<\/p>\n<p style=\"text-align: left;\"><span style=\"color: #000000; font-size: 120%;\">En un m\u00f3n governat pel codi de l'honor, on una mirada pot ser una ofensa i una paraula, un desafiament, la l\u00ednia entre la just\u00edcia i l'obsessi\u00f3 es desdibuixa amb el tall d'un acer. Els Duelistes \u00e9s un viatge apassionant i visceral al cor del conflicte hum\u00e0. <\/span><\/p>\n<p style=\"text-align: left;\"><span style=\"color: #000000; font-size: 120%;\">Dos \u00e0nimes irrevocablement unides per un jurament de venjan\u00e7a es veuen obligades a batre's en dol una vegada i una altra, al llarg dels anys, en una lluita que transcendix la ra\u00f3 i es convertix en la ra\u00f3 de la seua existir.. <\/span><\/p>\n<p style=\"text-align: left;\"><span style=\"color: #000000; font-size: 120%;\">M\u00e9s enll\u00e0 del dol d'espases, este espectacle \u00e9s un profund estudi psicol\u00f2gic sobre la masculinitat, l'orgull, la lleialtat i el preu d'una promesa. <\/span><\/p>\n<p style=\"text-align: left;\"><span style=\"color: #000000; font-size: 120%;\">Dirigit per Emilio Guti\u00e9rrez Caba, este cl\u00e0ssic modern reviu amb una intensitat irresistible un dol que no \u00e9s nom\u00e9s un combat; \u00e9s un di\u00e0leg mut, una coreografia de destins. Qui guanyar\u00e0 quan l'\u00fanica cosa que queda en joc \u00e9s l'\u00e0nima?<\/span><\/p>\n\n<\/div><\/div>\n\n<\/div>\n<div class=\"is-divider divider clearfix\" ><\/div><!-- .divider -->\n\n<h1 style=\"text-align: center;\"><span style=\"color: #282828; font-size: 150%;\"><strong>FICHA T\u00c9CNICA<\/strong><\/span><\/h1>\n<div class=\"is-divider divider clearfix\" ><\/div><!-- .divider -->\n\n<div class=\"text-center\"><div class=\"is-divider divider clearfix\" style=\"margin-top:-1.8em;margin-bottom:-1.8em;max-width:80px;background-color:rgb(236, 18, 18);\"><\/div><\/div><!-- .divider -->\n\n<div class=\"text-center\"><div class=\"is-divider divider clearfix\" style=\"margin-top:-1.6em;margin-bottom:-1.6em;max-width:0px;background-color:rgb(234, 5, 5);\"><\/div><\/div><!-- .divider -->\n\n<div class=\"row\"  id=\"row-606162706\">\n\n<div class=\"col medium-6 small-12 large-6\"  ><div class=\"col-inner\"  >\n\n<p><span style=\"font-size: 105%;\">Autor:<strong>\u00a0Joseph Conrad<\/strong><\/span><br \/><span style=\"font-size: 105%;\">D<span style=\"font-size: 110%;\">irecci\u00f3n:\u00a0<strong>Emilio Guti\u00e9rrez Caba<\/strong><\/span><\/span><br \/><span style=\"font-size: 110%;\">Adaptaci\u00f3n:\u00a0<strong>Javier Sahuquillo<\/strong><\/span><\/p>\n<p><span style=\"font-size: 110%;\">Reparto:\u00a0<strong>Daniel Ortiz \u00b7 Juan Carlos Mesonero \u00b7 Jos\u00e9 Juan Sevilla \u00b7 Aurora Garc\u00eda Agud<\/strong><\/span><\/p>\n<p><span style=\"font-size: 110%;\">Dise\u00f1o y realizaci\u00f3n del espacio esc\u00e9nico:\u00a0<strong>Luis Crespo Dise\u00f1o<\/strong><\/span><br \/><span style=\"font-size: 110%;\">Realizaci\u00f3n del vestuario:\u00a0<strong>Pier Paolo \u00c1lvaro<\/strong><\/span><br \/><span style=\"font-size: 110%;\">Dise\u00f1o de iluminaci\u00f3n:\u00a0<strong>Pablo Fern\u00e1ndez<\/strong><\/span><br \/><span style=\"font-size: 110%;\">Dise\u00f1o de espacio sonoro:\u00a0<strong>Eduardo Soriano<\/strong><\/span><br \/><span style=\"font-size: 110%;\">Maestro de armas y lucha esc\u00e9nica:\u00a0<strong>Javier Mej\u00eda<\/strong><\/span><br \/><span style=\"font-size: 110%;\">Composici\u00f3n musical:\u00a0<strong>Marc Servera<\/strong><\/span><br \/><span style=\"font-size: 110%;\">Maquillaje y caracterizaci\u00f3n:\u00a0<strong>Carmen Fraile<\/strong><\/span><\/p>\n\n<\/div><\/div>\n<div class=\"col medium-6 small-12 large-6\"  ><div class=\"col-inner\"  >\n\n<p><span style=\"font-size: 110%;\">Ayudante de direcci\u00f3n:\u00a0<strong>Marta Guti\u00e9rrez-Abad<\/strong><\/span><br \/><span style=\"font-size: 110%;\">Gesti\u00f3n econ\u00f3mica:\u00a0<strong>Amparo Tortajada<\/strong><\/span><br \/><span style=\"font-size: 110%;\">Producci\u00f3n ejecutiva:\u00a0<strong>Cristina Barbero<\/strong><\/span><br \/><span style=\"font-size: 110%;\">Distribuci\u00f3n:\u00a0<strong>Daniel Tormo<\/strong><\/span><\/p>\n<p><span style=\"font-size: 110%;\">Fotograf\u00eda y v\u00eddeo:\u00a0<strong>Fede Caraduje\u00a0<\/strong>(Puerta 3)<\/span><br \/><span style=\"font-size: 110%;\">Cartel e imagen gr\u00e1fica:\u00a0<strong>Patossa Comunicaci\u00f3n<\/strong><\/span><br \/><span style=\"font-size: 110%;\">RRSS:\u00a0<strong>Clara Llorca<\/strong><\/span><br \/><span style=\"font-size: 110%;\">Producci\u00f3n:\u00a0<strong>Yapad\u00fa Produccions<\/strong><\/span><\/p>\n\n<\/div><\/div>\n\n<\/div>\n\n\t\t<\/div><!-- .section-content -->\n\n\t\t\n<style scope=\"scope\">\n\n#section_359789996 {\n  padding-top: 57px;\n  padding-bottom: 57px;\n  min-height: 300px;\n  background-color: rgb(255,255,255);\n}\n<\/style>\n\t<\/section>","protected":false},"excerpt":{"rendered":"","protected":false},"author":1,"featured_media":0,"parent":1018,"menu_order":0,"comment_status":"closed","ping_status":"closed","template":"page-transparent-header-light.php","meta":{"footnotes":""},"class_list":["post-1021","page","type-page","status-publish","hentry"],"_links":{"self":[{"href":"https:\/\/yapadu.es\/ca\/wp-json\/wp\/v2\/pages\/1021","targetHints":{"allow":["GET"]}}],"collection":[{"href":"https:\/\/yapadu.es\/ca\/wp-json\/wp\/v2\/pages"}],"about":[{"href":"https:\/\/yapadu.es\/ca\/wp-json\/wp\/v2\/types\/page"}],"author":[{"embeddable":true,"href":"https:\/\/yapadu.es\/ca\/wp-json\/wp\/v2\/users\/1"}],"replies":[{"embeddable":true,"href":"https:\/\/yapadu.es\/ca\/wp-json\/wp\/v2\/comments?post=1021"}],"version-history":[{"count":32,"href":"https:\/\/yapadu.es\/ca\/wp-json\/wp\/v2\/pages\/1021\/revisions"}],"predecessor-version":[{"id":1858,"href":"https:\/\/yapadu.es\/ca\/wp-json\/wp\/v2\/pages\/1021\/revisions\/1858"}],"up":[{"embeddable":true,"href":"https:\/\/yapadu.es\/ca\/wp-json\/wp\/v2\/pages\/1018"}],"wp:attachment":[{"href":"https:\/\/yapadu.es\/ca\/wp-json\/wp\/v2\/media?parent=1021"}],"curies":[{"name":"wp","href":"https:\/\/api.w.org\/{rel}","templated":true}]}}