{"id":1361,"date":"2025-09-03T10:18:53","date_gmt":"2025-09-03T10:18:53","guid":{"rendered":"https:\/\/yapadu.es\/?page_id=1361"},"modified":"2026-04-20T10:28:46","modified_gmt":"2026-04-20T10:28:46","slug":"calendario","status":"publish","type":"page","link":"https:\/\/yapadu.es\/ca\/calendario\/","title":{"rendered":"CALENDARI"},"content":{"rendered":"<a href=\"https:\/\/yapadu.es\/ca\/\" target=\"_self\" class=\"button primary\"  >\n  <i class=\"icon-angle-left\" ><\/i>  <span>volver a inicio<\/span>\n  <\/a>\n\n\n\n  <div class=\"banner has-hover\" id=\"banner-1045621970\">\n          <div class=\"banner-inner fill\">\n        <div class=\"banner-bg fill\" >\n            <div class=\"bg fill bg-fill\"><\/div>\n                                    \n                    <\/div><!-- bg-layers -->\n        <div class=\"banner-layers container\">\n            <div class=\"fill banner-link\"><\/div>            \n\n   <div id=\"text-box-1280815434\" class=\"text-box banner-layer x50 md-x50 lg-x50 y50 md-y50 lg-y50 res-text\">\n                                <div class=\"text dark\">\n              \n              <div class=\"text-inner text-center\">\n                  \n\n<h3 class=\"uppercase\"><strong>PR\u00d3XIMAMENTE<\/strong><\/h3>\n\n              <\/div>\n           <\/div><!-- text-box-inner -->\n                            \n<style scope=\"scope\">\n\n#text-box-1280815434 {\n  width: 60%;\n}\n#text-box-1280815434 .text {\n  font-size: 100%;\n}\n<\/style>\n    <\/div><!-- text-box -->\n \n\n        <\/div><!-- .banner-layers -->\n      <\/div><!-- .banner-inner -->\n\n            \n<style scope=\"scope\">\n\n#banner-1045621970 {\n  padding-top: 70px;\n}\n<\/style>\n  <\/div><!-- .banner -->\n\n\n<div class=\"row\"  id=\"row-2038596154\">\n\n<div class=\"col medium-4 small-12 large-4\"  ><div class=\"col-inner\"  >\n\n\t<div class=\"img has-hover x md-x lg-x y md-y lg-y\" id=\"image_1068493998\">\n\t\t\t\t\t\t\t\t<div class=\"img-inner dark\" >\n\t\t\t<img loading=\"lazy\" decoding=\"async\" width=\"733\" height=\"1024\" src=\"https:\/\/yapadu.es\/wp-content\/uploads\/2025\/09\/CARTEL-AGUA-VALENCIA-2025-baja-733x1024.jpg\" class=\"attachment-large size-large\" alt=\"CARTEL AGUA VALENCIA\" srcset=\"https:\/\/yapadu.es\/wp-content\/uploads\/2025\/09\/CARTEL-AGUA-VALENCIA-2025-baja-733x1024.jpg 733w, https:\/\/yapadu.es\/wp-content\/uploads\/2025\/09\/CARTEL-AGUA-VALENCIA-2025-baja-215x300.jpg 215w, https:\/\/yapadu.es\/wp-content\/uploads\/2025\/09\/CARTEL-AGUA-VALENCIA-2025-baja-768x1073.jpg 768w, https:\/\/yapadu.es\/wp-content\/uploads\/2025\/09\/CARTEL-AGUA-VALENCIA-2025-baja-1099x1536.jpg 1099w, https:\/\/yapadu.es\/wp-content\/uploads\/2025\/09\/CARTEL-AGUA-VALENCIA-2025-baja-1465x2048.jpg 1465w, https:\/\/yapadu.es\/wp-content\/uploads\/2025\/09\/CARTEL-AGUA-VALENCIA-2025-baja-scaled.jpg 1832w\" sizes=\"auto, (max-width: 733px) 100vw, 733px\" \/>\t\t\t\t\t\t\n\t\t\t\t\t<\/div>\n\t\t\t\t\t\t\t\t\n<style scope=\"scope\">\n\n#image_1068493998 {\n  width: 70%;\n}\n<\/style>\n\t<\/div>\n\t\n\n\n<\/div><\/div>\n<div class=\"col medium-8 small-12 large-8\"  ><div class=\"col-inner\"  >\n\n<h2 class=\"uppercase\"><span style=\"font-size: 200%; color: #000;\" data-line-height=\"xl\"><strong>\u00abEL AGUA DE VALENCIA\u00bb<\/strong><\/span><\/h2>\n<h2 class=\"uppercase\"><span style=\"font-size: 100%; color: #000;\" data-line-height=\"xl\"><strong>ALZIRA<\/strong> 15 DE maYO\u00a0<\/span><\/h2>\n<h3 class=\"uppercase\">GRAN TEATRE D&#8217;ALZIRA 20:30h<\/h3>\n<p><a href=\"https:\/\/www.notikumi.com\/2026\/5\/16\/agua-de-valencia\"><strong><span style=\"font-size: 120%;\"><span style=\"color: #ed1c24;\">Venta de entradas<\/span><\/span><\/strong><\/a><\/p>\n\n<\/div><\/div>\n\n<\/div>\n<div class=\"row\"  id=\"row-1612811001\">\n\n<div class=\"col medium-4 small-12 large-4\"  ><div class=\"col-inner\"  >\n\n\t<div class=\"img has-hover x md-x lg-x y md-y lg-y\" id=\"image_482470296\">\n\t\t\t\t\t\t\t\t<div class=\"img-inner dark\" >\n\t\t\t<img loading=\"lazy\" decoding=\"async\" width=\"683\" height=\"1024\" src=\"https:\/\/yapadu.es\/wp-content\/uploads\/2025\/09\/CARTEL-OFICIAL-PADRE-NUESTRO-683x1024.jpg\" class=\"attachment-large size-large\" alt=\"\" srcset=\"https:\/\/yapadu.es\/wp-content\/uploads\/2025\/09\/CARTEL-OFICIAL-PADRE-NUESTRO-683x1024.jpg 683w, https:\/\/yapadu.es\/wp-content\/uploads\/2025\/09\/CARTEL-OFICIAL-PADRE-NUESTRO-200x300.jpg 200w, https:\/\/yapadu.es\/wp-content\/uploads\/2025\/09\/CARTEL-OFICIAL-PADRE-NUESTRO-768x1151.jpg 768w, https:\/\/yapadu.es\/wp-content\/uploads\/2025\/09\/CARTEL-OFICIAL-PADRE-NUESTRO-1025x1536.jpg 1025w, https:\/\/yapadu.es\/wp-content\/uploads\/2025\/09\/CARTEL-OFICIAL-PADRE-NUESTRO-1366x2048.jpg 1366w, https:\/\/yapadu.es\/wp-content\/uploads\/2025\/09\/CARTEL-OFICIAL-PADRE-NUESTRO-8x12.jpg 8w, https:\/\/yapadu.es\/wp-content\/uploads\/2025\/09\/CARTEL-OFICIAL-PADRE-NUESTRO-scaled.jpg 1708w\" sizes=\"auto, (max-width: 683px) 100vw, 683px\" \/>\t\t\t\t\t\t\n\t\t\t\t\t<\/div>\n\t\t\t\t\t\t\t\t\n<style scope=\"scope\">\n\n#image_482470296 {\n  width: 70%;\n}\n<\/style>\n\t<\/div>\n\t\n\n\n<\/div><\/div>\n<div class=\"col medium-8 small-12 large-8\"  ><div class=\"col-inner\"  >\n\n<h2 class=\"uppercase\"><span style=\"font-size: 200%; color: #000;\" data-line-height=\"xl\"><strong>\u00abpadre nuestro\u00bb<\/strong><\/span><\/h2>\n<h2 class=\"uppercase\"><span style=\"font-size: 100%; color: #000;\" data-line-height=\"xl\"><b>foios <\/b>26 DE junio\u00a0<\/span><\/h2>\n<h3 class=\"uppercase\"><span style=\"color: #000000;\">casa de la cultura<\/span><\/h3>\n<p><strong><span style=\"font-size: 115%;\"><span style=\"color: #ed1c24;\">Entrada gratuita<\/span><\/span><\/strong><\/p>\n\n<\/div><\/div>\n\n<\/div>\n<div class=\"row\"  id=\"row-1871664655\">\n\n<div class=\"col medium-4 small-12 large-4\"  ><div class=\"col-inner\"  >\n\n\t<div class=\"img has-hover x md-x lg-x y md-y lg-y\" id=\"image_2114396239\">\n\t\t\t\t\t\t\t\t<div class=\"img-inner dark\" >\n\t\t\t<img loading=\"lazy\" decoding=\"async\" width=\"731\" height=\"1024\" src=\"https:\/\/yapadu.es\/wp-content\/uploads\/2025\/09\/JACK_CARTELL-menos-peso-1-731x1024.jpg\" class=\"attachment-large size-large\" alt=\"\" srcset=\"https:\/\/yapadu.es\/wp-content\/uploads\/2025\/09\/JACK_CARTELL-menos-peso-1-731x1024.jpg 731w, https:\/\/yapadu.es\/wp-content\/uploads\/2025\/09\/JACK_CARTELL-menos-peso-1-214x300.jpg 214w, https:\/\/yapadu.es\/wp-content\/uploads\/2025\/09\/JACK_CARTELL-menos-peso-1-768x1075.jpg 768w, https:\/\/yapadu.es\/wp-content\/uploads\/2025\/09\/JACK_CARTELL-menos-peso-1-1097x1536.jpg 1097w, https:\/\/yapadu.es\/wp-content\/uploads\/2025\/09\/JACK_CARTELL-menos-peso-1-1463x2048.jpg 1463w, https:\/\/yapadu.es\/wp-content\/uploads\/2025\/09\/JACK_CARTELL-menos-peso-1.jpg 1500w\" sizes=\"auto, (max-width: 731px) 100vw, 731px\" \/>\t\t\t\t\t\t\n\t\t\t\t\t<\/div>\n\t\t\t\t\t\t\t\t\n<style scope=\"scope\">\n\n#image_2114396239 {\n  width: 70%;\n}\n<\/style>\n\t<\/div>\n\t\n\n\n<\/div><\/div>\n<div class=\"col medium-8 small-12 large-8\"  ><div class=\"col-inner\"  >\n\n<h2 class=\"uppercase\"><span style=\"font-size: 200%; color: #000;\" data-line-height=\"xl\"><strong>\u00abAfectuosamente suyo, jack el destripador\u00bb<\/strong><\/span><\/h2>\n<h2 class=\"uppercase\"><span style=\"font-size: 100%; color: #000;\" data-line-height=\"xl\"><strong>ZAragoza<\/strong> 5 DE julio<\/span><\/h2>\n<h3 class=\"uppercase\"><span style=\"color: #000000;\">teatro DE LAS ESQUINAS 19H<\/span><\/h3>\n<p><a href=\"https:\/\/teatrodelasesquinas.koobin.com\/jack-el-destripador\"><strong><span style=\"font-size: 115%;\"><span style=\"color: #ed1c24;\">Venta de entradas<\/span><\/span><\/strong><\/a><\/p>\n\n<\/div><\/div>\n\n<\/div>\n<div class=\"row\"  id=\"row-1438302827\">\n\n<div class=\"col medium-4 small-12 large-4\"  ><div class=\"col-inner\"  >\n\n\t<div class=\"img has-hover x md-x lg-x y md-y lg-y\" id=\"image_160441787\">\n\t\t\t\t\t\t\t\t<div class=\"img-inner dark\" >\n\t\t\t<img loading=\"lazy\" decoding=\"async\" width=\"733\" height=\"1024\" src=\"https:\/\/yapadu.es\/wp-content\/uploads\/2025\/09\/CARTEL-AGUA-VALENCIA-2025-baja-733x1024.jpg\" class=\"attachment-large size-large\" alt=\"CARTEL AGUA VALENCIA\" srcset=\"https:\/\/yapadu.es\/wp-content\/uploads\/2025\/09\/CARTEL-AGUA-VALENCIA-2025-baja-733x1024.jpg 733w, https:\/\/yapadu.es\/wp-content\/uploads\/2025\/09\/CARTEL-AGUA-VALENCIA-2025-baja-215x300.jpg 215w, https:\/\/yapadu.es\/wp-content\/uploads\/2025\/09\/CARTEL-AGUA-VALENCIA-2025-baja-768x1073.jpg 768w, https:\/\/yapadu.es\/wp-content\/uploads\/2025\/09\/CARTEL-AGUA-VALENCIA-2025-baja-1099x1536.jpg 1099w, https:\/\/yapadu.es\/wp-content\/uploads\/2025\/09\/CARTEL-AGUA-VALENCIA-2025-baja-1465x2048.jpg 1465w, https:\/\/yapadu.es\/wp-content\/uploads\/2025\/09\/CARTEL-AGUA-VALENCIA-2025-baja-scaled.jpg 1832w\" sizes=\"auto, (max-width: 733px) 100vw, 733px\" \/>\t\t\t\t\t\t\n\t\t\t\t\t<\/div>\n\t\t\t\t\t\t\t\t\n<style scope=\"scope\">\n\n#image_160441787 {\n  width: 70%;\n}\n<\/style>\n\t<\/div>\n\t\n\n\n<\/div><\/div>\n<div class=\"col medium-8 small-12 large-8\"  ><div class=\"col-inner\"  >\n\n<h2 class=\"uppercase\"><span style=\"font-size: 200%; color: #000;\" data-line-height=\"xl\"><strong>\u00abel agua de valencia\u00bb<\/strong><\/span><\/h2>\n<h2 class=\"uppercase\"><span style=\"font-size: 100%; color: #000;\" data-line-height=\"xl\"><b>GAND\u00cdA <\/b>31\u00a0DE OCTUBRE<\/span><\/h2>\n<h2 class=\"uppercase\">\u00a0<\/h2>\n<p><strong><span style=\"font-size: 115%;\"><span style=\"color: #ed1c24;\">Venta de entradas PR\u00d3XIMAMENTE<\/span><\/span><\/strong><\/p>\n\n<\/div><\/div>\n\n<\/div>\n<div class=\"row\"  id=\"row-2114602895\">\n\n<div class=\"col medium-4 small-12 large-4\"  ><div class=\"col-inner\"  >\n\n\t<div class=\"img has-hover x md-x lg-x y md-y lg-y\" id=\"image_1430741505\">\n\t\t\t\t\t\t\t\t<div class=\"img-inner dark\" >\n\t\t\t<img loading=\"lazy\" decoding=\"async\" width=\"733\" height=\"1024\" src=\"https:\/\/yapadu.es\/wp-content\/uploads\/2025\/09\/CARTEL-AGUA-VALENCIA-2025-baja-733x1024.jpg\" class=\"attachment-large size-large\" alt=\"CARTEL AGUA VALENCIA\" srcset=\"https:\/\/yapadu.es\/wp-content\/uploads\/2025\/09\/CARTEL-AGUA-VALENCIA-2025-baja-733x1024.jpg 733w, https:\/\/yapadu.es\/wp-content\/uploads\/2025\/09\/CARTEL-AGUA-VALENCIA-2025-baja-215x300.jpg 215w, https:\/\/yapadu.es\/wp-content\/uploads\/2025\/09\/CARTEL-AGUA-VALENCIA-2025-baja-768x1073.jpg 768w, https:\/\/yapadu.es\/wp-content\/uploads\/2025\/09\/CARTEL-AGUA-VALENCIA-2025-baja-1099x1536.jpg 1099w, https:\/\/yapadu.es\/wp-content\/uploads\/2025\/09\/CARTEL-AGUA-VALENCIA-2025-baja-1465x2048.jpg 1465w, https:\/\/yapadu.es\/wp-content\/uploads\/2025\/09\/CARTEL-AGUA-VALENCIA-2025-baja-scaled.jpg 1832w\" sizes=\"auto, (max-width: 733px) 100vw, 733px\" \/>\t\t\t\t\t\t\n\t\t\t\t\t<\/div>\n\t\t\t\t\t\t\t\t\n<style scope=\"scope\">\n\n#image_1430741505 {\n  width: 70%;\n}\n<\/style>\n\t<\/div>\n\t\n\n\n<\/div><\/div>\n<div class=\"col medium-8 small-12 large-8\"  ><div class=\"col-inner\"  >\n\n<h2 class=\"uppercase\"><span style=\"font-size: 200%; color: #000;\" data-line-height=\"xl\"><strong>\u00abel agua de valencia\u00bb<\/strong><\/span><\/h2>\n<h2 class=\"uppercase\"><span style=\"font-size: 100%; color: #000;\" data-line-height=\"xl\"><b>quart de poblet <\/b>4 DE DICIEMBRE<\/span><\/h2>\n<h2 class=\"uppercase\"><span style=\"color: #000000; font-size: 20.16px;\">auditori mOL\u00cd DE VILA<\/span><\/h2>\n<p><strong><span style=\"font-size: 115%;\"><span style=\"color: #ed1c24;\">Venta de entradas PR\u00d3XIMAMENTE<\/span><\/span><\/strong><\/p>\n\n<\/div><\/div>\n\n<\/div>\n<div class=\"row\"  id=\"row-803567883\">\n\n<div class=\"col medium-4 small-12 large-4\"  ><div class=\"col-inner\"  >\n\n\t<div class=\"img has-hover x md-x lg-x y md-y lg-y\" id=\"image_133148088\">\n\t\t\t\t\t\t\t\t<div class=\"img-inner dark\" >\n\t\t\t<img loading=\"lazy\" decoding=\"async\" width=\"733\" height=\"1024\" src=\"https:\/\/yapadu.es\/wp-content\/uploads\/2025\/09\/CARTEL-AGUA-VALENCIA-2025-baja-733x1024.jpg\" class=\"attachment-large size-large\" alt=\"CARTEL AGUA VALENCIA\" srcset=\"https:\/\/yapadu.es\/wp-content\/uploads\/2025\/09\/CARTEL-AGUA-VALENCIA-2025-baja-733x1024.jpg 733w, https:\/\/yapadu.es\/wp-content\/uploads\/2025\/09\/CARTEL-AGUA-VALENCIA-2025-baja-215x300.jpg 215w, https:\/\/yapadu.es\/wp-content\/uploads\/2025\/09\/CARTEL-AGUA-VALENCIA-2025-baja-768x1073.jpg 768w, https:\/\/yapadu.es\/wp-content\/uploads\/2025\/09\/CARTEL-AGUA-VALENCIA-2025-baja-1099x1536.jpg 1099w, https:\/\/yapadu.es\/wp-content\/uploads\/2025\/09\/CARTEL-AGUA-VALENCIA-2025-baja-1465x2048.jpg 1465w, https:\/\/yapadu.es\/wp-content\/uploads\/2025\/09\/CARTEL-AGUA-VALENCIA-2025-baja-scaled.jpg 1832w\" sizes=\"auto, (max-width: 733px) 100vw, 733px\" \/>\t\t\t\t\t\t\n\t\t\t\t\t<\/div>\n\t\t\t\t\t\t\t\t\n<style scope=\"scope\">\n\n#image_133148088 {\n  width: 70%;\n}\n<\/style>\n\t<\/div>\n\t\n\n\n<\/div><\/div>\n<div class=\"col medium-8 small-12 large-8\"  ><div class=\"col-inner\"  >\n\n<h2 class=\"uppercase\"><span style=\"font-size: 200%; color: #000;\" data-line-height=\"xl\"><strong>\u00abel agua de valencia\u00bb<\/strong><\/span><\/h2>\n<h2 class=\"uppercase\"><span style=\"font-size: 100%; color: #000;\" data-line-height=\"xl\"><b>REQUENA <\/b>\u00a05 DE DICIEMBRE<\/span><\/h2>\n<h2 class=\"uppercase\"><span style=\"color: #000000; font-size: 20.16px;\">\u00a0teatro principal<\/span><\/h2>\n<p><strong><span style=\"font-size: 115%;\"><span style=\"color: #ed1c24;\">Venta de entradas PR\u00d3XIMAMENTE<\/span><\/span><\/strong><\/p>\n\n<\/div><\/div>\n\n<\/div>\n\n  <div class=\"banner has-hover\" id=\"banner-209687916\">\n          <div class=\"banner-inner fill\">\n        <div class=\"banner-bg fill\" >\n            <div class=\"bg fill bg-fill\"><\/div>\n                                    \n                    <\/div><!-- bg-layers -->\n        <div class=\"banner-layers container\">\n            <div class=\"fill banner-link\"><\/div>            \n\n   <div id=\"text-box-439990019\" class=\"text-box banner-layer x50 md-x50 lg-x50 y50 md-y50 lg-y50 res-text\">\n                                <div class=\"text dark\">\n              \n              <div class=\"text-inner text-center\">\n                  \n\n<h3 class=\"uppercase\"><strong>eventos anteriores<\/strong><\/h3>\n<p>\u00a0<\/p>\n\n              <\/div>\n           <\/div><!-- text-box-inner -->\n                            \n<style scope=\"scope\">\n\n#text-box-439990019 {\n  width: 60%;\n}\n#text-box-439990019 .text {\n  font-size: 100%;\n}\n<\/style>\n    <\/div><!-- text-box -->\n \n\n        <\/div><!-- .banner-layers -->\n      <\/div><!-- .banner-inner -->\n\n            \n<style scope=\"scope\">\n\n#banner-209687916 {\n  padding-top: 70px;\n}\n<\/style>\n  <\/div><!-- .banner -->\n\n\n<div class=\"row\"  id=\"row-382260635\">\n\n<div class=\"col medium-4 small-12 large-4\"  ><div class=\"col-inner\"  >\n\n\t<div class=\"img has-hover x md-x lg-x y md-y lg-y\" id=\"image_1873165157\">\n\t\t\t\t\t\t\t\t<div class=\"img-inner dark\" >\n\t\t\t<img loading=\"lazy\" decoding=\"async\" width=\"731\" height=\"1024\" src=\"https:\/\/yapadu.es\/wp-content\/uploads\/2025\/09\/JACK_CARTELL-menos-peso-1-731x1024.jpg\" class=\"attachment-large size-large\" alt=\"\" srcset=\"https:\/\/yapadu.es\/wp-content\/uploads\/2025\/09\/JACK_CARTELL-menos-peso-1-731x1024.jpg 731w, https:\/\/yapadu.es\/wp-content\/uploads\/2025\/09\/JACK_CARTELL-menos-peso-1-214x300.jpg 214w, https:\/\/yapadu.es\/wp-content\/uploads\/2025\/09\/JACK_CARTELL-menos-peso-1-768x1075.jpg 768w, https:\/\/yapadu.es\/wp-content\/uploads\/2025\/09\/JACK_CARTELL-menos-peso-1-1097x1536.jpg 1097w, https:\/\/yapadu.es\/wp-content\/uploads\/2025\/09\/JACK_CARTELL-menos-peso-1-1463x2048.jpg 1463w, https:\/\/yapadu.es\/wp-content\/uploads\/2025\/09\/JACK_CARTELL-menos-peso-1.jpg 1500w\" sizes=\"auto, (max-width: 731px) 100vw, 731px\" \/>\t\t\t\t\t\t\n\t\t\t\t\t<\/div>\n\t\t\t\t\t\t\t\t\n<style scope=\"scope\">\n\n#image_1873165157 {\n  width: 70%;\n}\n<\/style>\n\t<\/div>\n\t\n\n\n<\/div><\/div>\n<div class=\"col medium-8 small-12 large-8\"  ><div class=\"col-inner\"  >\n\n<h2 class=\"uppercase\"><span style=\"font-size: 200%; color: #000;\" data-line-height=\"xl\"><strong>\u00abAfectuosamente suyo, jack el destripador\u00bb<\/strong><\/span><\/h2>\n<h2 class=\"uppercase\"><span style=\"font-size: 100%; color: #000;\" data-line-height=\"xl\"><strong>castell\u00f3n<\/strong> 19 DE abril\u00a0<\/span><\/h2>\n<h3 class=\"uppercase\"><span style=\"color: #000000;\">teatro principal 19h<\/span><\/h3>\n<p><a href=\"https:\/\/ivc.gva.es\/es\/ivc\/programacion-ivc\/teatro-principal-de-castellon\/afectuosamente-suyo-jack-el-destripador\"><strong><span style=\"font-size: 115%;\"><span style=\"color: #ed1c24;\">Venta de entradas<\/span><\/span><\/strong><\/a><\/p>\n\n<\/div><\/div>\n\n<\/div>\n<div class=\"row\"  id=\"row-492050805\">\n\n<div class=\"col medium-4 small-12 large-4\"  ><div class=\"col-inner\"  >\n\n\t<div class=\"img has-hover x md-x lg-x y md-y lg-y\" id=\"image_1683390757\">\n\t\t\t\t\t\t\t\t<div class=\"img-inner dark\" >\n\t\t\t<img loading=\"lazy\" decoding=\"async\" width=\"733\" height=\"1024\" src=\"https:\/\/yapadu.es\/wp-content\/uploads\/2025\/09\/CARTEL-AGUA-VALENCIA-2025-baja-733x1024.jpg\" class=\"attachment-large size-large\" alt=\"CARTEL AGUA VALENCIA\" srcset=\"https:\/\/yapadu.es\/wp-content\/uploads\/2025\/09\/CARTEL-AGUA-VALENCIA-2025-baja-733x1024.jpg 733w, https:\/\/yapadu.es\/wp-content\/uploads\/2025\/09\/CARTEL-AGUA-VALENCIA-2025-baja-215x300.jpg 215w, https:\/\/yapadu.es\/wp-content\/uploads\/2025\/09\/CARTEL-AGUA-VALENCIA-2025-baja-768x1073.jpg 768w, https:\/\/yapadu.es\/wp-content\/uploads\/2025\/09\/CARTEL-AGUA-VALENCIA-2025-baja-1099x1536.jpg 1099w, https:\/\/yapadu.es\/wp-content\/uploads\/2025\/09\/CARTEL-AGUA-VALENCIA-2025-baja-1465x2048.jpg 1465w, https:\/\/yapadu.es\/wp-content\/uploads\/2025\/09\/CARTEL-AGUA-VALENCIA-2025-baja-scaled.jpg 1832w\" sizes=\"auto, (max-width: 733px) 100vw, 733px\" \/>\t\t\t\t\t\t\n\t\t\t\t\t<\/div>\n\t\t\t\t\t\t\t\t\n<style scope=\"scope\">\n\n#image_1683390757 {\n  width: 70%;\n}\n<\/style>\n\t<\/div>\n\t\n\n\n<\/div><\/div>\n<div class=\"col medium-8 small-12 large-8\"  ><div class=\"col-inner\"  >\n\n<h2 class=\"uppercase\"><span style=\"font-size: 200%; color: #000;\" data-line-height=\"xl\"><strong>\u00abEL AGUA DE VALENCIA\u00bb<\/strong><\/span><\/h2>\n<h2 class=\"uppercase\"><span style=\"font-size: 100%; color: #000;\" data-line-height=\"xl\"><strong>PUZOL<\/strong> 22 DE marzo\u00a0<\/span><\/h2>\n<h3 class=\"uppercase\"><span style=\"color: #000000;\">CASA DE LA CULTURA<\/span><\/h3>\n<p><a href=\"https:\/\/www.agendapucol.com\/espectaculo\/1\/teatro-el-agua-de-valencia.html\"><span style=\"font-size: 105%;\"><span style=\"color: #ed1c24;\">Venta de entradas\u00a0<\/span><\/span><\/a><\/p>\n\n<\/div><\/div>\n\n<\/div>\n<div class=\"row\"  id=\"row-2065781695\">\n\n<div class=\"col medium-4 small-12 large-4\"  ><div class=\"col-inner\"  >\n\n\t<div class=\"img has-hover x md-x lg-x y md-y lg-y\" id=\"image_2138506104\">\n\t\t\t\t\t\t\t\t<div class=\"img-inner dark\" >\n\t\t\t<img loading=\"lazy\" decoding=\"async\" width=\"733\" height=\"1024\" src=\"https:\/\/yapadu.es\/wp-content\/uploads\/2025\/09\/CARTEL-AGUA-VALENCIA-2025-baja-733x1024.jpg\" class=\"attachment-large size-large\" alt=\"CARTEL AGUA VALENCIA\" srcset=\"https:\/\/yapadu.es\/wp-content\/uploads\/2025\/09\/CARTEL-AGUA-VALENCIA-2025-baja-733x1024.jpg 733w, https:\/\/yapadu.es\/wp-content\/uploads\/2025\/09\/CARTEL-AGUA-VALENCIA-2025-baja-215x300.jpg 215w, https:\/\/yapadu.es\/wp-content\/uploads\/2025\/09\/CARTEL-AGUA-VALENCIA-2025-baja-768x1073.jpg 768w, https:\/\/yapadu.es\/wp-content\/uploads\/2025\/09\/CARTEL-AGUA-VALENCIA-2025-baja-1099x1536.jpg 1099w, https:\/\/yapadu.es\/wp-content\/uploads\/2025\/09\/CARTEL-AGUA-VALENCIA-2025-baja-1465x2048.jpg 1465w, https:\/\/yapadu.es\/wp-content\/uploads\/2025\/09\/CARTEL-AGUA-VALENCIA-2025-baja-scaled.jpg 1832w\" sizes=\"auto, (max-width: 733px) 100vw, 733px\" \/>\t\t\t\t\t\t\n\t\t\t\t\t<\/div>\n\t\t\t\t\t\t\t\t\n<style scope=\"scope\">\n\n#image_2138506104 {\n  width: 70%;\n}\n<\/style>\n\t<\/div>\n\t\n\n\n<\/div><\/div>\n<div class=\"col medium-8 small-12 large-8\"  ><div class=\"col-inner\"  >\n\n<h2 class=\"uppercase\"><span style=\"font-size: 200%; color: #000;\" data-line-height=\"xl\"><strong>\u00abEL AGUA DE VALENCIA\u00bb<\/strong><\/span><\/h2>\n<h2 class=\"uppercase\"><span style=\"font-size: 100%; color: #000;\" data-line-height=\"xl\"><strong>valencia<\/strong> 21 DE marzo\u00a0<\/span><\/h2>\n<h3 class=\"uppercase\"><span style=\"color: #000000;\">teatro la rambleta 20:30H<\/span><\/h3>\n<p><span style=\"color: #ed1c24;\"><a style=\"color: #ed1c24;\" href=\"https:\/\/larambleta.com\/el-agua-de-valencia\/#entradas\"><span style=\"font-size: 105%;\">Venta de entradas<\/span><\/a><\/span><\/p>\n\n<\/div><\/div>\n\n<\/div>\n<div class=\"row\"  id=\"row-1710951111\">\n\n<div class=\"col medium-4 small-12 large-4\"  ><div class=\"col-inner\"  >\n\n\t<div class=\"img has-hover x md-x lg-x y md-y lg-y\" id=\"image_1887874087\">\n\t\t\t\t\t\t\t\t<div class=\"img-inner dark\" >\n\t\t\t<img loading=\"lazy\" decoding=\"async\" width=\"731\" height=\"1024\" src=\"https:\/\/yapadu.es\/wp-content\/uploads\/2025\/10\/CARTEL-DUELISTAS-731x1024.jpg\" class=\"attachment-large size-large\" alt=\"\" srcset=\"https:\/\/yapadu.es\/wp-content\/uploads\/2025\/10\/CARTEL-DUELISTAS-731x1024.jpg 731w, https:\/\/yapadu.es\/wp-content\/uploads\/2025\/10\/CARTEL-DUELISTAS-214x300.jpg 214w, https:\/\/yapadu.es\/wp-content\/uploads\/2025\/10\/CARTEL-DUELISTAS-768x1076.jpg 768w, https:\/\/yapadu.es\/wp-content\/uploads\/2025\/10\/CARTEL-DUELISTAS-1096x1536.jpg 1096w, https:\/\/yapadu.es\/wp-content\/uploads\/2025\/10\/CARTEL-DUELISTAS-9x12.jpg 9w, https:\/\/yapadu.es\/wp-content\/uploads\/2025\/10\/CARTEL-DUELISTAS.jpg 1142w\" sizes=\"auto, (max-width: 731px) 100vw, 731px\" \/>\t\t\t\t\t\t\n\t\t\t\t\t<\/div>\n\t\t\t\t\t\t\t\t\n<style scope=\"scope\">\n\n#image_1887874087 {\n  width: 70%;\n}\n<\/style>\n\t<\/div>\n\t\n\n\n<\/div><\/div>\n<div class=\"col medium-8 small-12 large-8\"  ><div class=\"col-inner\"  >\n\n<h2 class=\"uppercase\"><span style=\"font-size: 200%; color: #000;\" data-line-height=\"xl\"><strong>\u00abLos duelistas\u00bb<\/strong><\/span><\/h2>\n<h2 class=\"uppercase\"><span style=\"font-size: 100%; color: #000;\" data-line-height=\"xl\"><strong>MADRID<\/strong> 11 DE decembre 2025- 18 de gener 2026<\/span><\/h2>\n<h3 class=\"uppercase\"><span style=\"font-size: 100%; color: #000;\" data-line-height=\"xl\">teatro fernan g\u00f3mez- sala jardiel poncela 19:30H<\/span><\/h3>\n<p><span style=\"font-size: 105%;\"><a href=\"https:\/\/tienda.madrid-destino.com\/es\/teatro-fernan-gomez-centro-cultural-de-la-villa\/los-duelistas\/\"><span style=\"color: #ed1c24;\">Venta de entradas<\/span><\/a><\/span><\/p>\n\n<\/div><\/div>\n\n<\/div>\n<div class=\"row\"  id=\"row-1670027673\">\n\n<div class=\"col medium-4 small-12 large-4\"  ><div class=\"col-inner\"  >\n\n\t<div class=\"img has-hover x md-x lg-x y md-y lg-y\" id=\"image_1951841675\">\n\t\t\t\t\t\t\t\t<div class=\"img-inner dark\" >\n\t\t\t<img loading=\"lazy\" decoding=\"async\" width=\"731\" height=\"1024\" src=\"https:\/\/yapadu.es\/wp-content\/uploads\/2025\/09\/JACK_CARTELL-menos-peso-1-731x1024.jpg\" class=\"attachment-large size-large\" alt=\"\" srcset=\"https:\/\/yapadu.es\/wp-content\/uploads\/2025\/09\/JACK_CARTELL-menos-peso-1-731x1024.jpg 731w, https:\/\/yapadu.es\/wp-content\/uploads\/2025\/09\/JACK_CARTELL-menos-peso-1-214x300.jpg 214w, https:\/\/yapadu.es\/wp-content\/uploads\/2025\/09\/JACK_CARTELL-menos-peso-1-768x1075.jpg 768w, https:\/\/yapadu.es\/wp-content\/uploads\/2025\/09\/JACK_CARTELL-menos-peso-1-1097x1536.jpg 1097w, https:\/\/yapadu.es\/wp-content\/uploads\/2025\/09\/JACK_CARTELL-menos-peso-1-1463x2048.jpg 1463w, https:\/\/yapadu.es\/wp-content\/uploads\/2025\/09\/JACK_CARTELL-menos-peso-1.jpg 1500w\" sizes=\"auto, (max-width: 731px) 100vw, 731px\" \/>\t\t\t\t\t\t\n\t\t\t\t\t<\/div>\n\t\t\t\t\t\t\t\t\n<style scope=\"scope\">\n\n#image_1951841675 {\n  width: 70%;\n}\n<\/style>\n\t<\/div>\n\t\n\n\n<\/div><\/div>\n<div class=\"col medium-8 small-12 large-8\"  ><div class=\"col-inner\"  >\n\n<h2 class=\"uppercase\"><span style=\"font-size: 200%; color: #000;\" data-line-height=\"xl\"><strong>\u00abafectuosamente suyo, jack el destripador\u00bb<\/strong><\/span><\/h2>\n<h2 class=\"uppercase\"><span style=\"font-size: 100%; color: #000;\" data-line-height=\"xl\"><strong>ALICANTE<\/strong> 14 DE DICIEMBRE<\/span><\/h2>\n<h3>TEATRO ARNICHES 18:00 H<\/h3>\n<p><a href=\"https:\/\/taquilla.ivc.gva.es\/es\/espectaculo\/companyia-yapadu-presenta-afectuosamente-suyo-jack-el-destripador\/JACK25\"><span style=\"font-size: 105%;\"><span style=\"color: #ed1c24;\">Venta de entradas<\/span><\/span><\/a><\/p>\n\n<\/div><\/div>\n\n<\/div>\n<div class=\"row\"  id=\"row-100438405\">\n\n<div class=\"col medium-4 small-12 large-4\"  ><div class=\"col-inner\"  >\n\n\t<div class=\"img has-hover x md-x lg-x y md-y lg-y\" id=\"image_2044217794\">\n\t\t\t\t\t\t\t\t<div class=\"img-inner dark\" >\n\t\t\t<img loading=\"lazy\" decoding=\"async\" width=\"733\" height=\"1024\" src=\"https:\/\/yapadu.es\/wp-content\/uploads\/2025\/09\/CARTEL-AGUA-VALENCIA-2025-baja-733x1024.jpg\" class=\"attachment-large size-large\" alt=\"CARTEL AGUA VALENCIA\" srcset=\"https:\/\/yapadu.es\/wp-content\/uploads\/2025\/09\/CARTEL-AGUA-VALENCIA-2025-baja-733x1024.jpg 733w, https:\/\/yapadu.es\/wp-content\/uploads\/2025\/09\/CARTEL-AGUA-VALENCIA-2025-baja-215x300.jpg 215w, https:\/\/yapadu.es\/wp-content\/uploads\/2025\/09\/CARTEL-AGUA-VALENCIA-2025-baja-768x1073.jpg 768w, https:\/\/yapadu.es\/wp-content\/uploads\/2025\/09\/CARTEL-AGUA-VALENCIA-2025-baja-1099x1536.jpg 1099w, https:\/\/yapadu.es\/wp-content\/uploads\/2025\/09\/CARTEL-AGUA-VALENCIA-2025-baja-1465x2048.jpg 1465w, https:\/\/yapadu.es\/wp-content\/uploads\/2025\/09\/CARTEL-AGUA-VALENCIA-2025-baja-scaled.jpg 1832w\" sizes=\"auto, (max-width: 733px) 100vw, 733px\" \/>\t\t\t\t\t\t\n\t\t\t\t\t<\/div>\n\t\t\t\t\t\t\t\t\n<style scope=\"scope\">\n\n#image_2044217794 {\n  width: 70%;\n}\n<\/style>\n\t<\/div>\n\t\n\n\n<\/div><\/div>\n<div class=\"col medium-8 small-12 large-8\"  ><div class=\"col-inner\"  >\n\n<h2 class=\"uppercase\"><span style=\"font-size: 200%; color: #000;\" data-line-height=\"xl\"><strong>\u00abEL AGUA DE VALENCIA\u00bb<\/strong><\/span><\/h2>\n<h2 class=\"uppercase\"><span style=\"font-size: 100%; color: #000;\" data-line-height=\"xl\"><strong>haro, la rioja<\/strong> 5 DE diciembre<\/span><\/h2>\n<h3>XXVIII CERTAMEN NACIONAL DE TEATRO GARNACHA DE RIOJA<\/h3>\n<h3>TEATRO BRET\u00d3N 20H<\/h3>\n<p><span style=\"font-size: 105%;\"><a href=\"https:\/\/culturaydeporte.haro.org\/teatro\/espectaculos.php?evento=000028\"><span style=\"color: #ed1c24;\">Venta de entradas<\/span><\/a><\/span><\/p>\n\n<\/div><\/div>\n\n<\/div>\n<div class=\"row\"  id=\"row-72988621\">\n\n<div class=\"col medium-4 small-12 large-4\"  ><div class=\"col-inner\"  >\n\n\t<div class=\"img has-hover x md-x lg-x y md-y lg-y\" id=\"image_508785244\">\n\t\t\t\t\t\t\t\t<div class=\"img-inner dark\" >\n\t\t\t<img loading=\"lazy\" decoding=\"async\" width=\"683\" height=\"1024\" src=\"https:\/\/yapadu.es\/wp-content\/uploads\/2025\/09\/CARTEL-OFICIAL-PADRE-NUESTRO-683x1024.jpg\" class=\"attachment-large size-large\" alt=\"\" srcset=\"https:\/\/yapadu.es\/wp-content\/uploads\/2025\/09\/CARTEL-OFICIAL-PADRE-NUESTRO-683x1024.jpg 683w, https:\/\/yapadu.es\/wp-content\/uploads\/2025\/09\/CARTEL-OFICIAL-PADRE-NUESTRO-200x300.jpg 200w, https:\/\/yapadu.es\/wp-content\/uploads\/2025\/09\/CARTEL-OFICIAL-PADRE-NUESTRO-768x1151.jpg 768w, https:\/\/yapadu.es\/wp-content\/uploads\/2025\/09\/CARTEL-OFICIAL-PADRE-NUESTRO-1025x1536.jpg 1025w, https:\/\/yapadu.es\/wp-content\/uploads\/2025\/09\/CARTEL-OFICIAL-PADRE-NUESTRO-1366x2048.jpg 1366w, https:\/\/yapadu.es\/wp-content\/uploads\/2025\/09\/CARTEL-OFICIAL-PADRE-NUESTRO-8x12.jpg 8w, https:\/\/yapadu.es\/wp-content\/uploads\/2025\/09\/CARTEL-OFICIAL-PADRE-NUESTRO-scaled.jpg 1708w\" sizes=\"auto, (max-width: 683px) 100vw, 683px\" \/>\t\t\t\t\t\t\n\t\t\t\t\t<\/div>\n\t\t\t\t\t\t\t\t\n<style scope=\"scope\">\n\n#image_508785244 {\n  width: 70%;\n}\n<\/style>\n\t<\/div>\n\t\n\n\n<\/div><\/div>\n<div class=\"col medium-8 small-12 large-8\"  ><div class=\"col-inner\"  >\n\n<h2 class=\"uppercase\"><span style=\"font-size: 200%; color: #000;\" data-line-height=\"xl\"><strong>\u00abPADRE NUESTRO\u00bb<\/strong><\/span><\/h2>\n<h2 class=\"uppercase\"><span style=\"font-size: 100%; color: #000;\" data-line-height=\"xl\"><strong>VALENCIA<\/strong> 23 DE NOVIEMBRE<\/span><\/h2>\n<h3>CARME TEATRE 19H<\/h3>\n<p><span style=\"font-size: 105%;\"><a href=\"https:\/\/entradas.carmeteatre.com\/entradas\/4\/padre-nuestro.html?webfecha=23\/11\/2025&amp;webhora=19:00&amp;websala=4&amp;webfuncion=181\"><span style=\"color: #ed1c24;\">Venta de entradas<\/span><\/a><\/span><\/p>\n\n<\/div><\/div>\n\n<\/div>\n<div class=\"row\"  id=\"row-1947966433\">\n\n<div class=\"col medium-4 small-12 large-4\"  ><div class=\"col-inner\"  >\n\n\t<div class=\"img has-hover x md-x lg-x y md-y lg-y\" id=\"image_810175471\">\n\t\t\t\t\t\t\t\t<div class=\"img-inner dark\" >\n\t\t\t<img loading=\"lazy\" decoding=\"async\" width=\"683\" height=\"1024\" src=\"https:\/\/yapadu.es\/wp-content\/uploads\/2025\/09\/CARTEL-OFICIAL-PADRE-NUESTRO-683x1024.jpg\" class=\"attachment-large size-large\" alt=\"\" srcset=\"https:\/\/yapadu.es\/wp-content\/uploads\/2025\/09\/CARTEL-OFICIAL-PADRE-NUESTRO-683x1024.jpg 683w, https:\/\/yapadu.es\/wp-content\/uploads\/2025\/09\/CARTEL-OFICIAL-PADRE-NUESTRO-200x300.jpg 200w, https:\/\/yapadu.es\/wp-content\/uploads\/2025\/09\/CARTEL-OFICIAL-PADRE-NUESTRO-768x1151.jpg 768w, https:\/\/yapadu.es\/wp-content\/uploads\/2025\/09\/CARTEL-OFICIAL-PADRE-NUESTRO-1025x1536.jpg 1025w, https:\/\/yapadu.es\/wp-content\/uploads\/2025\/09\/CARTEL-OFICIAL-PADRE-NUESTRO-1366x2048.jpg 1366w, https:\/\/yapadu.es\/wp-content\/uploads\/2025\/09\/CARTEL-OFICIAL-PADRE-NUESTRO-8x12.jpg 8w, https:\/\/yapadu.es\/wp-content\/uploads\/2025\/09\/CARTEL-OFICIAL-PADRE-NUESTRO-scaled.jpg 1708w\" sizes=\"auto, (max-width: 683px) 100vw, 683px\" \/>\t\t\t\t\t\t\n\t\t\t\t\t<\/div>\n\t\t\t\t\t\t\t\t\n<style scope=\"scope\">\n\n#image_810175471 {\n  width: 70%;\n}\n<\/style>\n\t<\/div>\n\t\n\n\n<\/div><\/div>\n<div class=\"col medium-8 small-12 large-8\"  ><div class=\"col-inner\"  >\n\n<h2 class=\"uppercase\"><span style=\"font-size: 200%; color: #000;\" data-line-height=\"xl\"><strong>\u00abPADRE NUESTRO\u00bb<\/strong><\/span><\/h2>\n<h2 class=\"uppercase\"><span style=\"font-size: 100%; color: #000;\" data-line-height=\"xl\"><strong>VALENCIA<\/strong> 22 DE NOVIEMBRE<\/span><\/h2>\n<h3>CARME TEATRE 20H<\/h3>\n<p><span style=\"font-size: 105%;\"><a href=\"https:\/\/entradas.carmeteatre.com\/entradas\/4\/padre-nuestro.html?webfecha=22\/11\/2025&amp;webhora=20:00&amp;websala=4&amp;webfuncion=181\"><span style=\"color: #ed1c24;\">Venta de entradas<\/span><\/a><\/span><\/p>\n\n<\/div><\/div>\n\n<\/div>\n<div class=\"row\"  id=\"row-1557449510\">\n\n<div class=\"col medium-4 small-12 large-4\"  ><div class=\"col-inner\"  >\n\n\t<div class=\"img has-hover x md-x lg-x y md-y lg-y\" id=\"image_1452177368\">\n\t\t\t\t\t\t\t\t<div class=\"img-inner dark\" >\n\t\t\t<img loading=\"lazy\" decoding=\"async\" width=\"731\" height=\"1024\" src=\"https:\/\/yapadu.es\/wp-content\/uploads\/2025\/09\/JACK_CARTELL-menos-peso-1-731x1024.jpg\" class=\"attachment-large size-large\" alt=\"\" srcset=\"https:\/\/yapadu.es\/wp-content\/uploads\/2025\/09\/JACK_CARTELL-menos-peso-1-731x1024.jpg 731w, https:\/\/yapadu.es\/wp-content\/uploads\/2025\/09\/JACK_CARTELL-menos-peso-1-214x300.jpg 214w, https:\/\/yapadu.es\/wp-content\/uploads\/2025\/09\/JACK_CARTELL-menos-peso-1-768x1075.jpg 768w, https:\/\/yapadu.es\/wp-content\/uploads\/2025\/09\/JACK_CARTELL-menos-peso-1-1097x1536.jpg 1097w, https:\/\/yapadu.es\/wp-content\/uploads\/2025\/09\/JACK_CARTELL-menos-peso-1-1463x2048.jpg 1463w, https:\/\/yapadu.es\/wp-content\/uploads\/2025\/09\/JACK_CARTELL-menos-peso-1.jpg 1500w\" sizes=\"auto, (max-width: 731px) 100vw, 731px\" \/>\t\t\t\t\t\t\n\t\t\t\t\t<\/div>\n\t\t\t\t\t\t\t\t\n<style scope=\"scope\">\n\n#image_1452177368 {\n  width: 70%;\n}\n<\/style>\n\t<\/div>\n\t\n\n\n<\/div><\/div>\n<div class=\"col medium-8 small-12 large-8\"  ><div class=\"col-inner\"  >\n\n<h2 class=\"uppercase\"><span style=\"font-size: 200%; color: #000;\" data-line-height=\"xl\"><strong>\u00abafectuosamente suyo, jack el destripador\u00bb<\/strong><\/span><\/h2>\n<h2 class=\"uppercase\"><span style=\"font-size: 100%; color: #000;\" data-line-height=\"xl\"><strong>MADRID<\/strong> 6-8 DE NOVEMBRE<\/span><\/h2>\n<h3>TEATRO ESPA\u00d1OL 18:30H<\/h3>\n<p><span style=\"font-size: 105%;\"><a href=\"https:\/\/tienda.madrid-destino.com\/es\/teatro-espanol\/jack-el-destripador\/\"><span style=\"color: #ed1c24;\">Venta de entradas<\/span><\/a><\/span><\/p>\n\n<\/div><\/div>\n\n<\/div>\n<div class=\"row\"  id=\"row-1450547545\">\n\n<div class=\"col medium-4 small-12 large-4\"  ><div class=\"col-inner\"  >\n\n\t<div class=\"img has-hover x md-x lg-x y md-y lg-y\" id=\"image_2070354086\">\n\t\t\t\t\t\t\t\t<div class=\"img-inner dark\" >\n\t\t\t<img loading=\"lazy\" decoding=\"async\" width=\"731\" height=\"1024\" src=\"https:\/\/yapadu.es\/wp-content\/uploads\/2025\/09\/JACK_CARTELL-menos-peso-1-731x1024.jpg\" class=\"attachment-large size-large\" alt=\"\" srcset=\"https:\/\/yapadu.es\/wp-content\/uploads\/2025\/09\/JACK_CARTELL-menos-peso-1-731x1024.jpg 731w, https:\/\/yapadu.es\/wp-content\/uploads\/2025\/09\/JACK_CARTELL-menos-peso-1-214x300.jpg 214w, https:\/\/yapadu.es\/wp-content\/uploads\/2025\/09\/JACK_CARTELL-menos-peso-1-768x1075.jpg 768w, https:\/\/yapadu.es\/wp-content\/uploads\/2025\/09\/JACK_CARTELL-menos-peso-1-1097x1536.jpg 1097w, https:\/\/yapadu.es\/wp-content\/uploads\/2025\/09\/JACK_CARTELL-menos-peso-1-1463x2048.jpg 1463w, https:\/\/yapadu.es\/wp-content\/uploads\/2025\/09\/JACK_CARTELL-menos-peso-1.jpg 1500w\" sizes=\"auto, (max-width: 731px) 100vw, 731px\" \/>\t\t\t\t\t\t\n\t\t\t\t\t<\/div>\n\t\t\t\t\t\t\t\t\n<style scope=\"scope\">\n\n#image_2070354086 {\n  width: 70%;\n}\n<\/style>\n\t<\/div>\n\t\n\n\n<\/div><\/div>\n<div class=\"col medium-8 small-12 large-8\"  ><div class=\"col-inner\"  >\n\n<h2 class=\"uppercase\"><span style=\"font-size: 200%; color: #000;\" data-line-height=\"xl\"><strong>\u00abafectuosamente suyo, jack el destripador\u00bb<\/strong><\/span><\/h2>\n<h2 class=\"uppercase\"><span style=\"font-size: 100%; color: #000;\" data-line-height=\"xl\"><strong>MADRID<\/strong> 30-31 d'octubre Y 1 DE NOVEMBRE<\/span><\/h2>\n<h3>TEATRO ESPA\u00d1OL 18:30H<\/h3>\n<p><span style=\"font-size: 105%;\"><a href=\"https:\/\/tienda.madrid-destino.com\/es\/teatro-espanol\/jack-el-destripador\/\"><span style=\"color: #ed1c24;\">Venta de entradas<\/span><\/a><\/span><\/p>\n\n<\/div><\/div>\n\n<\/div>\n<div class=\"row\"  id=\"row-81312242\">\n\n<div class=\"col medium-4 small-12 large-4\"  ><div class=\"col-inner\"  >\n\n\t<div class=\"img has-hover x md-x lg-x y md-y lg-y\" id=\"image_888592440\">\n\t\t\t\t\t\t\t\t<div class=\"img-inner dark\" >\n\t\t\t<img loading=\"lazy\" decoding=\"async\" width=\"731\" height=\"1024\" src=\"https:\/\/yapadu.es\/wp-content\/uploads\/2025\/09\/JACK_CARTELL-menos-peso-1-731x1024.jpg\" class=\"attachment-large size-large\" alt=\"\" srcset=\"https:\/\/yapadu.es\/wp-content\/uploads\/2025\/09\/JACK_CARTELL-menos-peso-1-731x1024.jpg 731w, https:\/\/yapadu.es\/wp-content\/uploads\/2025\/09\/JACK_CARTELL-menos-peso-1-214x300.jpg 214w, https:\/\/yapadu.es\/wp-content\/uploads\/2025\/09\/JACK_CARTELL-menos-peso-1-768x1075.jpg 768w, https:\/\/yapadu.es\/wp-content\/uploads\/2025\/09\/JACK_CARTELL-menos-peso-1-1097x1536.jpg 1097w, https:\/\/yapadu.es\/wp-content\/uploads\/2025\/09\/JACK_CARTELL-menos-peso-1-1463x2048.jpg 1463w, https:\/\/yapadu.es\/wp-content\/uploads\/2025\/09\/JACK_CARTELL-menos-peso-1.jpg 1500w\" sizes=\"auto, (max-width: 731px) 100vw, 731px\" \/>\t\t\t\t\t\t\n\t\t\t\t\t<\/div>\n\t\t\t\t\t\t\t\t\n<style scope=\"scope\">\n\n#image_888592440 {\n  width: 70%;\n}\n<\/style>\n\t<\/div>\n\t\n\n\n<\/div><\/div>\n<div class=\"col medium-8 small-12 large-8\"  ><div class=\"col-inner\"  >\n\n<h2 class=\"uppercase\"><span style=\"font-size: 200%; color: #000;\" data-line-height=\"xl\"><strong>\u00abafectuosamente suyo, jack el destripador\u00bb<\/strong><\/span><\/h2>\n<h2 class=\"uppercase\"><span style=\"font-size: 100%; color: #000;\" data-line-height=\"xl\"><strong>MADRID<\/strong> 23-25 d'octubre<\/span><\/h2>\n<h3>TEATRO ESPA\u00d1OL 18:30H<\/h3>\n<p><span style=\"font-size: 105%;\"><a href=\"https:\/\/tienda.madrid-destino.com\/es\/teatro-espanol\/jack-el-destripador\/\"><span style=\"color: #ed1c24;\">Venta de entradas<\/span><\/a><\/span><\/p>\n\n<\/div><\/div>\n\n<\/div>\n<div class=\"row\"  id=\"row-1018823933\">\n\n<div class=\"col medium-4 small-12 large-4\"  ><div class=\"col-inner\"  >\n\n\t<div class=\"img has-hover x md-x lg-x y md-y lg-y\" id=\"image_788264652\">\n\t\t\t\t\t\t\t\t<div class=\"img-inner dark\" >\n\t\t\t<img loading=\"lazy\" decoding=\"async\" width=\"731\" height=\"1024\" src=\"https:\/\/yapadu.es\/wp-content\/uploads\/2025\/09\/JACK_CARTELL-menos-peso-1-731x1024.jpg\" class=\"attachment-large size-large\" alt=\"\" srcset=\"https:\/\/yapadu.es\/wp-content\/uploads\/2025\/09\/JACK_CARTELL-menos-peso-1-731x1024.jpg 731w, https:\/\/yapadu.es\/wp-content\/uploads\/2025\/09\/JACK_CARTELL-menos-peso-1-214x300.jpg 214w, https:\/\/yapadu.es\/wp-content\/uploads\/2025\/09\/JACK_CARTELL-menos-peso-1-768x1075.jpg 768w, https:\/\/yapadu.es\/wp-content\/uploads\/2025\/09\/JACK_CARTELL-menos-peso-1-1097x1536.jpg 1097w, https:\/\/yapadu.es\/wp-content\/uploads\/2025\/09\/JACK_CARTELL-menos-peso-1-1463x2048.jpg 1463w, https:\/\/yapadu.es\/wp-content\/uploads\/2025\/09\/JACK_CARTELL-menos-peso-1.jpg 1500w\" sizes=\"auto, (max-width: 731px) 100vw, 731px\" \/>\t\t\t\t\t\t\n\t\t\t\t\t<\/div>\n\t\t\t\t\t\t\t\t\n<style scope=\"scope\">\n\n#image_788264652 {\n  width: 70%;\n}\n<\/style>\n\t<\/div>\n\t\n\n\n<\/div><\/div>\n<div class=\"col medium-8 small-12 large-8\"  ><div class=\"col-inner\"  >\n\n<h2 class=\"uppercase\"><span style=\"font-size: 200%; color: #000;\" data-line-height=\"xl\"><strong>\u00abAFECTUOSAMENTE SUYO, JACK EL DESTRIPADOR\u00bb<\/strong><\/span><\/h2>\n<h2 class=\"uppercase\"><span style=\"font-size: 100%; color: #000;\" data-line-height=\"xl\"><strong>albox, ALMER\u00cdA<\/strong> 19 de octubre<\/span><\/h2>\n<h3>AUDITORIO GRUPO DE TEATRO MU\u00d1OZ SECA\u00a0<\/h3>\n<p>Patrocinado por:<\/p>\n\n\t\t<div class=\"icon-box featured-box icon-box-top text-left is-xsmall\"  style=\"margin:-20px 0px 0px 0px;\">\n\t\t\t\t\t<div class=\"icon-box-img\" style=\"width: 167px\">\n\t\t\t\t<div class=\"icon\">\n\t\t\t\t\t<div class=\"icon-inner\" >\n\t\t\t\t\t\t<img loading=\"lazy\" decoding=\"async\" width=\"300\" height=\"116\" src=\"https:\/\/yapadu.es\/wp-content\/uploads\/2025\/10\/WhatsApp-Image-2025-10-30-at-11.29.44-300x116.jpeg\" class=\"attachment-medium size-medium\" alt=\"\" srcset=\"https:\/\/yapadu.es\/wp-content\/uploads\/2025\/10\/WhatsApp-Image-2025-10-30-at-11.29.44-300x116.jpeg 300w, https:\/\/yapadu.es\/wp-content\/uploads\/2025\/10\/WhatsApp-Image-2025-10-30-at-11.29.44-1024x395.jpeg 1024w, https:\/\/yapadu.es\/wp-content\/uploads\/2025\/10\/WhatsApp-Image-2025-10-30-at-11.29.44-768x296.jpeg 768w, https:\/\/yapadu.es\/wp-content\/uploads\/2025\/10\/WhatsApp-Image-2025-10-30-at-11.29.44-1536x592.jpeg 1536w, https:\/\/yapadu.es\/wp-content\/uploads\/2025\/10\/WhatsApp-Image-2025-10-30-at-11.29.44-18x7.jpeg 18w, https:\/\/yapadu.es\/wp-content\/uploads\/2025\/10\/WhatsApp-Image-2025-10-30-at-11.29.44.jpeg 1600w\" sizes=\"auto, (max-width: 300px) 100vw, 300px\" \/>\t\t\t\t\t<\/div>\n\t\t\t\t<\/div>\n\t\t\t<\/div>\n\t\t\t\t<div class=\"icon-box-text last-reset\">\n\t\t\t\t\t\t\t\t\t\n\n\n\t\t<\/div>\n\t<\/div><!-- .icon-box -->\n\t\n\t\n\n<\/div><\/div>\n\n<\/div>\n<div class=\"row\"  id=\"row-955887076\">\n\n<div class=\"col medium-4 small-12 large-4\"  ><div class=\"col-inner\"  >\n\n\t<div class=\"img has-hover x md-x lg-x y md-y lg-y\" id=\"image_1123632785\">\n\t\t\t\t\t\t\t\t<div class=\"img-inner dark\" >\n\t\t\t<img loading=\"lazy\" decoding=\"async\" width=\"731\" height=\"1024\" src=\"https:\/\/yapadu.es\/wp-content\/uploads\/2025\/09\/JACK_CARTELL-menos-peso-1-731x1024.jpg\" class=\"attachment-large size-large\" alt=\"\" srcset=\"https:\/\/yapadu.es\/wp-content\/uploads\/2025\/09\/JACK_CARTELL-menos-peso-1-731x1024.jpg 731w, https:\/\/yapadu.es\/wp-content\/uploads\/2025\/09\/JACK_CARTELL-menos-peso-1-214x300.jpg 214w, https:\/\/yapadu.es\/wp-content\/uploads\/2025\/09\/JACK_CARTELL-menos-peso-1-768x1075.jpg 768w, https:\/\/yapadu.es\/wp-content\/uploads\/2025\/09\/JACK_CARTELL-menos-peso-1-1097x1536.jpg 1097w, https:\/\/yapadu.es\/wp-content\/uploads\/2025\/09\/JACK_CARTELL-menos-peso-1-1463x2048.jpg 1463w, https:\/\/yapadu.es\/wp-content\/uploads\/2025\/09\/JACK_CARTELL-menos-peso-1.jpg 1500w\" sizes=\"auto, (max-width: 731px) 100vw, 731px\" \/>\t\t\t\t\t\t\n\t\t\t\t\t<\/div>\n\t\t\t\t\t\t\t\t\n<style scope=\"scope\">\n\n#image_1123632785 {\n  width: 70%;\n}\n<\/style>\n\t<\/div>\n\t\n\n\n<\/div><\/div>\n<div class=\"col medium-8 small-12 large-8\"  ><div class=\"col-inner\"  >\n\n<h2 class=\"uppercase\"><span style=\"font-size: 200%; color: #000;\" data-line-height=\"xl\"><strong>\u00abAFECTUOSAMENTE SUYO, JACK EL DESTRIPADOR\u00bb<\/strong><\/span><\/h2>\n<h2 class=\"uppercase\"><span style=\"font-size: 100%; color: #000;\" data-line-height=\"xl\"><strong>vera, ALMER\u00cdA<\/strong> 17 de octubre<\/span><\/h2>\n<h3>AUDITORIO CIUDAD DE VERA<\/h3>\n<p><a href=\"https:\/\/www.giglon.com\/widget\/web\/guest\/compra-integrada\/-\/cip_WAR_giglonportlet_INSTANCE_xkBCzypyXP4y?widget=true&amp;userIdWidget=1379233&amp;eventoId=78438\"><span style=\"color: #ed1c24;\">Venta de entradas<\/span><\/a><\/p>\n<p>Patrocinado por:<\/p>\n\n\t\t<div class=\"icon-box featured-box icon-box-top text-left is-xsmall\"  style=\"margin:-25px 0px 0px 0px;\">\n\t\t\t\t\t<div class=\"icon-box-img\" style=\"width: 158px\">\n\t\t\t\t<div class=\"icon\">\n\t\t\t\t\t<div class=\"icon-inner\" >\n\t\t\t\t\t\t<img loading=\"lazy\" decoding=\"async\" width=\"300\" height=\"116\" src=\"https:\/\/yapadu.es\/wp-content\/uploads\/2025\/10\/WhatsApp-Image-2025-10-30-at-11.29.44-300x116.jpeg\" class=\"attachment-medium size-medium\" alt=\"\" srcset=\"https:\/\/yapadu.es\/wp-content\/uploads\/2025\/10\/WhatsApp-Image-2025-10-30-at-11.29.44-300x116.jpeg 300w, https:\/\/yapadu.es\/wp-content\/uploads\/2025\/10\/WhatsApp-Image-2025-10-30-at-11.29.44-1024x395.jpeg 1024w, https:\/\/yapadu.es\/wp-content\/uploads\/2025\/10\/WhatsApp-Image-2025-10-30-at-11.29.44-768x296.jpeg 768w, https:\/\/yapadu.es\/wp-content\/uploads\/2025\/10\/WhatsApp-Image-2025-10-30-at-11.29.44-1536x592.jpeg 1536w, https:\/\/yapadu.es\/wp-content\/uploads\/2025\/10\/WhatsApp-Image-2025-10-30-at-11.29.44-18x7.jpeg 18w, https:\/\/yapadu.es\/wp-content\/uploads\/2025\/10\/WhatsApp-Image-2025-10-30-at-11.29.44.jpeg 1600w\" sizes=\"auto, (max-width: 300px) 100vw, 300px\" \/>\t\t\t\t\t<\/div>\n\t\t\t\t<\/div>\n\t\t\t<\/div>\n\t\t\t\t<div class=\"icon-box-text last-reset\">\n\t\t\t\t\t\t\t\t\t\n\n\n\t\t<\/div>\n\t<\/div><!-- .icon-box -->\n\t\n\t\n\n<\/div><\/div>\n\n<\/div>\n<div class=\"row\"  id=\"row-898598438\">\n\n<div class=\"col medium-4 small-12 large-4\"  ><div class=\"col-inner\"  >\n\n\t<div class=\"img has-hover x md-x lg-x y md-y lg-y\" id=\"image_1448610028\">\n\t\t\t\t\t\t\t\t<div class=\"img-inner dark\" >\n\t\t\t<img loading=\"lazy\" decoding=\"async\" width=\"731\" height=\"1024\" src=\"https:\/\/yapadu.es\/wp-content\/uploads\/2025\/09\/JACK_CARTELL-menos-peso-1-731x1024.jpg\" class=\"attachment-large size-large\" alt=\"\" srcset=\"https:\/\/yapadu.es\/wp-content\/uploads\/2025\/09\/JACK_CARTELL-menos-peso-1-731x1024.jpg 731w, https:\/\/yapadu.es\/wp-content\/uploads\/2025\/09\/JACK_CARTELL-menos-peso-1-214x300.jpg 214w, https:\/\/yapadu.es\/wp-content\/uploads\/2025\/09\/JACK_CARTELL-menos-peso-1-768x1075.jpg 768w, https:\/\/yapadu.es\/wp-content\/uploads\/2025\/09\/JACK_CARTELL-menos-peso-1-1097x1536.jpg 1097w, https:\/\/yapadu.es\/wp-content\/uploads\/2025\/09\/JACK_CARTELL-menos-peso-1-1463x2048.jpg 1463w, https:\/\/yapadu.es\/wp-content\/uploads\/2025\/09\/JACK_CARTELL-menos-peso-1.jpg 1500w\" sizes=\"auto, (max-width: 731px) 100vw, 731px\" \/>\t\t\t\t\t\t\n\t\t\t\t\t<\/div>\n\t\t\t\t\t\t\t\t\n<style scope=\"scope\">\n\n#image_1448610028 {\n  width: 70%;\n}\n<\/style>\n\t<\/div>\n\t\n\n\n<\/div><\/div>\n<div class=\"col medium-8 small-12 large-8\"  ><div class=\"col-inner\"  >\n\n<h2 class=\"uppercase\"><span style=\"font-size: 200%; color: #000;\" data-line-height=\"xl\"><strong>\u00abAFECTUOSAMENTE SUYO, JACK EL DESTRIPADOR\u00bb<\/strong><\/span><\/h2>\n<h2 class=\"uppercase\"><span style=\"font-size: 100%; color: #000;\" data-line-height=\"xl\"><strong>alicante<\/strong> 10 d'octubre<\/span><\/h2>\n<h3>TEATRE ARNICHES 20:30H<\/h3>\n<p><a href=\"https:\/\/taquilla.ivc.gva.es\/es\/espectaculo\/companyia-yapadu-presenta-afectuosamente-suyo-jack-el-destripador\/JACK25\"><span style=\"color: #ed1c24;\">Venta de entradas<\/span><\/a><\/p>\n\n<\/div><\/div>\n\n<\/div>\n<div class=\"row\"  id=\"row-673967234\">\n\n<div class=\"col medium-4 small-12 large-4\"  ><div class=\"col-inner\"  >\n\n\t<div class=\"img has-hover x md-x lg-x y md-y lg-y\" id=\"image_845580208\">\n\t\t\t\t\t\t\t\t<div class=\"img-inner dark\" >\n\t\t\t<img loading=\"lazy\" decoding=\"async\" width=\"733\" height=\"1024\" src=\"https:\/\/yapadu.es\/wp-content\/uploads\/2025\/09\/CARTEL-AGUA-VALENCIA-2025-baja-733x1024.jpg\" class=\"attachment-large size-large\" alt=\"CARTEL AGUA VALENCIA\" srcset=\"https:\/\/yapadu.es\/wp-content\/uploads\/2025\/09\/CARTEL-AGUA-VALENCIA-2025-baja-733x1024.jpg 733w, https:\/\/yapadu.es\/wp-content\/uploads\/2025\/09\/CARTEL-AGUA-VALENCIA-2025-baja-215x300.jpg 215w, https:\/\/yapadu.es\/wp-content\/uploads\/2025\/09\/CARTEL-AGUA-VALENCIA-2025-baja-768x1073.jpg 768w, https:\/\/yapadu.es\/wp-content\/uploads\/2025\/09\/CARTEL-AGUA-VALENCIA-2025-baja-1099x1536.jpg 1099w, https:\/\/yapadu.es\/wp-content\/uploads\/2025\/09\/CARTEL-AGUA-VALENCIA-2025-baja-1465x2048.jpg 1465w, https:\/\/yapadu.es\/wp-content\/uploads\/2025\/09\/CARTEL-AGUA-VALENCIA-2025-baja-scaled.jpg 1832w\" sizes=\"auto, (max-width: 733px) 100vw, 733px\" \/>\t\t\t\t\t\t\n\t\t\t\t\t<\/div>\n\t\t\t\t\t\t\t\t\n<style scope=\"scope\">\n\n#image_845580208 {\n  width: 70%;\n}\n<\/style>\n\t<\/div>\n\t\n\n\n<\/div><\/div>\n<div class=\"col medium-8 small-12 large-8\"  ><div class=\"col-inner\"  >\n\n<h2 class=\"uppercase\"><span style=\"font-size: 200%; color: #000;\" data-line-height=\"xl\"><strong>\u00abEL AGUA DE VALENCIA\u00bb<\/strong><\/span><\/h2>\n<h2 class=\"uppercase\"><span style=\"font-size: 100%; color: #000;\" data-line-height=\"xl\"><strong>BENICASSIM<\/strong> 5 d'octubre<\/span><\/h2>\n<h3>TEATRO MUNICIPAL FRANCESC T\u00c0RREGA 19H<\/h3>\n<p><a href=\"https:\/\/entrades.benicassim.es\/par-public\/rest\/entrada\/5686062\"><span style=\"color: #ed1c24;\">Venta de entradas<\/span><\/a><\/p>\n\n<\/div><\/div>\n\n<\/div>\n<div class=\"row\"  id=\"row-574735442\">\n\n<div class=\"col medium-4 small-12 large-4\"  ><div class=\"col-inner\"  >\n\n\t<div class=\"img has-hover x md-x lg-x y md-y lg-y\" id=\"image_1961999604\">\n\t\t\t\t\t\t\t\t<div class=\"img-inner dark\" >\n\t\t\t<img loading=\"lazy\" decoding=\"async\" width=\"733\" height=\"1024\" src=\"https:\/\/yapadu.es\/wp-content\/uploads\/2025\/09\/CARTEL-AGUA-VALENCIA-2025-baja-733x1024.jpg\" class=\"attachment-large size-large\" alt=\"CARTEL AGUA VALENCIA\" srcset=\"https:\/\/yapadu.es\/wp-content\/uploads\/2025\/09\/CARTEL-AGUA-VALENCIA-2025-baja-733x1024.jpg 733w, https:\/\/yapadu.es\/wp-content\/uploads\/2025\/09\/CARTEL-AGUA-VALENCIA-2025-baja-215x300.jpg 215w, https:\/\/yapadu.es\/wp-content\/uploads\/2025\/09\/CARTEL-AGUA-VALENCIA-2025-baja-768x1073.jpg 768w, https:\/\/yapadu.es\/wp-content\/uploads\/2025\/09\/CARTEL-AGUA-VALENCIA-2025-baja-1099x1536.jpg 1099w, https:\/\/yapadu.es\/wp-content\/uploads\/2025\/09\/CARTEL-AGUA-VALENCIA-2025-baja-1465x2048.jpg 1465w, https:\/\/yapadu.es\/wp-content\/uploads\/2025\/09\/CARTEL-AGUA-VALENCIA-2025-baja-scaled.jpg 1832w\" sizes=\"auto, (max-width: 733px) 100vw, 733px\" \/>\t\t\t\t\t\t\n\t\t\t\t\t<\/div>\n\t\t\t\t\t\t\t\t\n<style scope=\"scope\">\n\n#image_1961999604 {\n  width: 70%;\n}\n<\/style>\n\t<\/div>\n\t\n\n\n<\/div><\/div>\n<div class=\"col medium-8 small-12 large-8\"  ><div class=\"col-inner\"  >\n\n<h2 class=\"uppercase\"><span style=\"font-size: 200%; color: #000;\" data-line-height=\"xl\"><strong>\u00abEL AGUA DE VALENCIA\u00bb<\/strong><\/span><\/h2>\n<h2 class=\"uppercase\"><span style=\"font-size: 100%; color: #000;\" data-line-height=\"xl\"><strong> canals<\/strong> 4 d'octubre<\/span><\/h2>\n<h3>CENTRE CULTURAL PAPA CALIXTE III 20H<\/h3>\n<p><a href=\"https:\/\/www.agendacanals.com\/espectaculo\/5\/el-agua-de-valencia.html\">Venta de entradas<\/a><\/p>\n\n<\/div><\/div>\n\n<\/div>\n<div class=\"row\"  id=\"row-1007512452\">\n\n<div class=\"col medium-4 small-12 large-4\"  ><div class=\"col-inner\"  >\n\n\t<div class=\"img has-hover x md-x lg-x y md-y lg-y\" id=\"image_124369763\">\n\t\t\t\t\t\t\t\t<div class=\"img-inner dark\" >\n\t\t\t<img loading=\"lazy\" decoding=\"async\" width=\"1832\" height=\"2560\" src=\"https:\/\/yapadu.es\/wp-content\/uploads\/2025\/09\/CARTEL-AGUA-VALENCIA-2025-baja-scaled.jpg\" class=\"attachment-original size-original\" alt=\"CARTEL AGUA VALENCIA\" srcset=\"https:\/\/yapadu.es\/wp-content\/uploads\/2025\/09\/CARTEL-AGUA-VALENCIA-2025-baja-scaled.jpg 1832w, https:\/\/yapadu.es\/wp-content\/uploads\/2025\/09\/CARTEL-AGUA-VALENCIA-2025-baja-215x300.jpg 215w, https:\/\/yapadu.es\/wp-content\/uploads\/2025\/09\/CARTEL-AGUA-VALENCIA-2025-baja-733x1024.jpg 733w, https:\/\/yapadu.es\/wp-content\/uploads\/2025\/09\/CARTEL-AGUA-VALENCIA-2025-baja-768x1073.jpg 768w, https:\/\/yapadu.es\/wp-content\/uploads\/2025\/09\/CARTEL-AGUA-VALENCIA-2025-baja-1099x1536.jpg 1099w, https:\/\/yapadu.es\/wp-content\/uploads\/2025\/09\/CARTEL-AGUA-VALENCIA-2025-baja-1465x2048.jpg 1465w\" sizes=\"auto, (max-width: 1832px) 100vw, 1832px\" \/>\t\t\t\t\t\t\n\t\t\t\t\t<\/div>\n\t\t\t\t\t\t\t\t\n<style scope=\"scope\">\n\n#image_124369763 {\n  width: 70%;\n}\n<\/style>\n\t<\/div>\n\t\n\n\n<\/div><\/div>\n<div class=\"col medium-8 small-12 large-8\"  ><div class=\"col-inner\"  >\n\n<h2 class=\"uppercase\"><span style=\"font-size: 200%; color: #000;\" data-line-height=\"xl\"><strong>\u00abEL AGUA DE VALENCIA\u00bb<\/strong><\/span><\/h2>\n<h2 class=\"uppercase\"><span style=\"font-size: 100%; color: #000;\" data-line-height=\"xl\"><strong> LL\u00cdRIA<\/strong> 23 DE SETEMBRE<\/span><\/h2>\n<h3>TEATRE DE LA BANDA PRIMITIVA 22H<\/h3>\n<p><a href=\"https:\/\/citaprevia.lliria.es\/#!\/reserva\/grupo\/5ee9e4cab4cc287029f8a766\"><span style=\"color: #ed1c24;\">Entradas\u00a0<\/span><\/a><\/p>\n\n<\/div><\/div>\n\n<\/div>\n<div class=\"row\"  id=\"row-93479622\">\n\n<div class=\"col medium-4 small-12 large-4\"  ><div class=\"col-inner\"  >\n\n\t<div class=\"img has-hover x md-x lg-x y md-y lg-y\" id=\"image_1382437851\">\n\t\t\t\t\t\t\t\t<div class=\"img-inner dark\" >\n\t\t\t<img loading=\"lazy\" decoding=\"async\" width=\"733\" height=\"1024\" src=\"https:\/\/yapadu.es\/wp-content\/uploads\/2025\/09\/CARTEL-AGUA-VALENCIA-2025-baja-733x1024.jpg\" class=\"attachment-large size-large\" alt=\"CARTEL AGUA VALENCIA\" srcset=\"https:\/\/yapadu.es\/wp-content\/uploads\/2025\/09\/CARTEL-AGUA-VALENCIA-2025-baja-733x1024.jpg 733w, https:\/\/yapadu.es\/wp-content\/uploads\/2025\/09\/CARTEL-AGUA-VALENCIA-2025-baja-215x300.jpg 215w, https:\/\/yapadu.es\/wp-content\/uploads\/2025\/09\/CARTEL-AGUA-VALENCIA-2025-baja-768x1073.jpg 768w, https:\/\/yapadu.es\/wp-content\/uploads\/2025\/09\/CARTEL-AGUA-VALENCIA-2025-baja-1099x1536.jpg 1099w, https:\/\/yapadu.es\/wp-content\/uploads\/2025\/09\/CARTEL-AGUA-VALENCIA-2025-baja-1465x2048.jpg 1465w, https:\/\/yapadu.es\/wp-content\/uploads\/2025\/09\/CARTEL-AGUA-VALENCIA-2025-baja-scaled.jpg 1832w\" sizes=\"auto, (max-width: 733px) 100vw, 733px\" \/>\t\t\t\t\t\t\n\t\t\t\t\t<\/div>\n\t\t\t\t\t\t\t\t\n<style scope=\"scope\">\n\n#image_1382437851 {\n  width: 70%;\n}\n<\/style>\n\t<\/div>\n\t\n\n\n<\/div><\/div>\n<div class=\"col medium-8 small-12 large-8\"  ><div class=\"col-inner\"  >\n\n<h2 class=\"uppercase\"><span style=\"font-size: 200%; color: #000;\" data-line-height=\"xl\"><strong>\u00abEL AGUA DE VALENCIA\u00bb<\/strong><\/span><\/h2>\n<h2 class=\"uppercase\"><span style=\"font-size: 100%; color: #000;\" data-line-height=\"xl\">picassent 2 DE septiembre<\/p>\n\n<\/div><\/div>\n\n<\/div>\n<div class=\"row\"  id=\"row-533050353\">\n\n<div class=\"col medium-4 small-12 large-4\"  ><div class=\"col-inner\"  >\n\n\t<div class=\"img has-hover x md-x lg-x y md-y lg-y\" id=\"image_1367167035\">\n\t\t\t\t\t\t\t\t<div class=\"img-inner dark\" >\n\t\t\t<img loading=\"lazy\" decoding=\"async\" width=\"249\" height=\"202\" src=\"https:\/\/yapadu.es\/wp-content\/uploads\/2025\/09\/images.jpg\" class=\"attachment-large size-large\" alt=\"\" \/>\t\t\t\t\t\t\n\t\t\t\t\t<\/div>\n\t\t\t\t\t\t\t\t\n<style scope=\"scope\">\n\n#image_1367167035 {\n  width: 70%;\n}\n<\/style>\n\t<\/div>\n\t\n\n\n<\/div><\/div>\n<div class=\"col medium-8 small-12 large-8\"  ><div class=\"col-inner\"  >\n\n<h2 class=\"uppercase\"><span style=\"font-size: 200%; color: #000;\" data-line-height=\"xl\"><strong>\u00abV FESTIVAL INTERNACIONAL DE TEATRO EN ESPACIOS NO CONVENCIONALES\u00bb<\/strong><\/span><\/h2>\n<h2 class=\"uppercase\"><span style=\"font-size: 100%; color: #000;\" data-line-height=\"xl\">MACASTRE 28-31 DE AGOSTO<\/p>\n\n<\/div><\/div>\n\n<\/div>\n<div class=\"row\"  id=\"row-1860904545\">\n\n<div class=\"col medium-4 small-12 large-4\"  ><div class=\"col-inner\"  >\n\n\t<div class=\"img has-hover x md-x lg-x y md-y lg-y\" id=\"image_596044176\">\n\t\t\t\t\t\t\t\t<div class=\"img-inner dark\" >\n\t\t\t<img loading=\"lazy\" decoding=\"async\" width=\"733\" height=\"1024\" src=\"https:\/\/yapadu.es\/wp-content\/uploads\/2025\/09\/CARTEL-AGUA-VALENCIA-2025-baja-733x1024.jpg\" class=\"attachment-large size-large\" alt=\"CARTEL AGUA VALENCIA\" srcset=\"https:\/\/yapadu.es\/wp-content\/uploads\/2025\/09\/CARTEL-AGUA-VALENCIA-2025-baja-733x1024.jpg 733w, https:\/\/yapadu.es\/wp-content\/uploads\/2025\/09\/CARTEL-AGUA-VALENCIA-2025-baja-215x300.jpg 215w, https:\/\/yapadu.es\/wp-content\/uploads\/2025\/09\/CARTEL-AGUA-VALENCIA-2025-baja-768x1073.jpg 768w, https:\/\/yapadu.es\/wp-content\/uploads\/2025\/09\/CARTEL-AGUA-VALENCIA-2025-baja-1099x1536.jpg 1099w, https:\/\/yapadu.es\/wp-content\/uploads\/2025\/09\/CARTEL-AGUA-VALENCIA-2025-baja-1465x2048.jpg 1465w, https:\/\/yapadu.es\/wp-content\/uploads\/2025\/09\/CARTEL-AGUA-VALENCIA-2025-baja-scaled.jpg 1832w\" sizes=\"auto, (max-width: 733px) 100vw, 733px\" \/>\t\t\t\t\t\t\n\t\t\t\t\t<\/div>\n\t\t\t\t\t\t\t\t\n<style scope=\"scope\">\n\n#image_596044176 {\n  width: 70%;\n}\n<\/style>\n\t<\/div>\n\t\n\n\n<\/div><\/div>\n<div class=\"col medium-8 small-12 large-8\"  ><div class=\"col-inner\"  >\n\n<h2 class=\"uppercase\"><span style=\"font-size: 200%; color: #000;\" data-line-height=\"xl\"><strong>\u00abEL AGUA DE VALENCIA\u00bb<\/strong><\/span><\/h2>\n<h2 class=\"uppercase\"><span style=\"font-size: 100%; color: #000;\" data-line-height=\"xl\">FESTIVAL SAGUNT A ESCENA 13-14 DE AGOSTO<\/p>\n\n<\/div><\/div>\n\n<\/div>\n<div class=\"row\"  id=\"row-2062270264\">\n\n<div class=\"col medium-4 small-12 large-4\"  ><div class=\"col-inner\"  >\n\n\t<div class=\"img has-hover x md-x lg-x y md-y lg-y\" id=\"image_911963214\">\n\t\t\t\t\t\t\t\t<div class=\"img-inner dark\" >\n\t\t\t<img loading=\"lazy\" decoding=\"async\" width=\"733\" height=\"1024\" src=\"https:\/\/yapadu.es\/wp-content\/uploads\/2025\/09\/CARTEL-AGUA-VALENCIA-2025-baja-733x1024.jpg\" class=\"attachment-large size-large\" alt=\"CARTEL AGUA VALENCIA\" srcset=\"https:\/\/yapadu.es\/wp-content\/uploads\/2025\/09\/CARTEL-AGUA-VALENCIA-2025-baja-733x1024.jpg 733w, https:\/\/yapadu.es\/wp-content\/uploads\/2025\/09\/CARTEL-AGUA-VALENCIA-2025-baja-215x300.jpg 215w, https:\/\/yapadu.es\/wp-content\/uploads\/2025\/09\/CARTEL-AGUA-VALENCIA-2025-baja-768x1073.jpg 768w, https:\/\/yapadu.es\/wp-content\/uploads\/2025\/09\/CARTEL-AGUA-VALENCIA-2025-baja-1099x1536.jpg 1099w, https:\/\/yapadu.es\/wp-content\/uploads\/2025\/09\/CARTEL-AGUA-VALENCIA-2025-baja-1465x2048.jpg 1465w, https:\/\/yapadu.es\/wp-content\/uploads\/2025\/09\/CARTEL-AGUA-VALENCIA-2025-baja-scaled.jpg 1832w\" sizes=\"auto, (max-width: 733px) 100vw, 733px\" \/>\t\t\t\t\t\t\n\t\t\t\t\t<\/div>\n\t\t\t\t\t\t\t\t\n<style scope=\"scope\">\n\n#image_911963214 {\n  width: 70%;\n}\n<\/style>\n\t<\/div>\n\t\n\n\n<\/div><\/div>\n<div class=\"col medium-8 small-12 large-8\"  ><div class=\"col-inner\"  >\n\n<h2 class=\"uppercase\"><span style=\"font-size: 200%; color: #000;\" data-line-height=\"xl\"><strong>\u00abEL AGUA DE VALENCIA\u00bb<\/strong><\/span><\/h2>\n<h2 class=\"uppercase\"><span style=\"font-size: 100%; color: #000;\" data-line-height=\"xl\">EL PUIG 25 DE JULIO<\/p>\n\n<\/div><\/div>\n\n<\/div>\n<div class=\"row\"  id=\"row-1084172243\">\n\n<div class=\"col medium-4 small-12 large-4\"  ><div class=\"col-inner\"  >\n\n\t<div class=\"img has-hover x md-x lg-x y md-y lg-y\" id=\"image_885805815\">\n\t\t\t\t\t\t\t\t<div class=\"img-inner dark\" >\n\t\t\t<img loading=\"lazy\" decoding=\"async\" width=\"751\" height=\"1024\" src=\"https:\/\/yapadu.es\/wp-content\/uploads\/2025\/09\/68400b117d21c20250604110001-751x1024.png\" class=\"attachment-large size-large\" alt=\"\" srcset=\"https:\/\/yapadu.es\/wp-content\/uploads\/2025\/09\/68400b117d21c20250604110001-751x1024.png 751w, https:\/\/yapadu.es\/wp-content\/uploads\/2025\/09\/68400b117d21c20250604110001-220x300.png 220w, https:\/\/yapadu.es\/wp-content\/uploads\/2025\/09\/68400b117d21c20250604110001-768x1047.png 768w, https:\/\/yapadu.es\/wp-content\/uploads\/2025\/09\/68400b117d21c20250604110001.png 800w\" sizes=\"auto, (max-width: 751px) 100vw, 751px\" \/>\t\t\t\t\t\t\n\t\t\t\t\t<\/div>\n\t\t\t\t\t\t\t\t\n<style scope=\"scope\">\n\n#image_885805815 {\n  width: 70%;\n}\n<\/style>\n\t<\/div>\n\t\n\n\n<\/div><\/div>\n<div class=\"col medium-8 small-12 large-8\"  ><div class=\"col-inner\"  >\n\n<h2 class=\"uppercase\"><span style=\"font-size: 200%; color: #000;\" data-line-height=\"xl\"><strong>FESTIVAL DE TEATRO CL\u00c1SICO CASTILLO DE PE\u00d1\u00cdSCOLA<\/strong><\/span><\/h2>\n<h2 class=\"uppercase\"><span style=\"font-size: 100%; color: #000;\" data-line-height=\"xl\">PE\u00d1\u00cdSCOLA 7- 20 de julio<\/p>\n\n<\/div><\/div>\n\n<\/div>\n<div class=\"row\"  id=\"row-597506045\">\n\n<div class=\"col medium-4 small-12 large-4\"  ><div class=\"col-inner\"  >\n\n\t<div class=\"img has-hover x md-x lg-x y md-y lg-y\" id=\"image_340382051\">\n\t\t\t\t\t\t\t\t<div class=\"img-inner dark\" >\n\t\t\t<img loading=\"lazy\" decoding=\"async\" width=\"733\" height=\"1024\" src=\"https:\/\/yapadu.es\/wp-content\/uploads\/2025\/09\/CARTEL-AGUA-VALENCIA-2025-baja-733x1024.jpg\" class=\"attachment-large size-large\" alt=\"CARTEL AGUA VALENCIA\" srcset=\"https:\/\/yapadu.es\/wp-content\/uploads\/2025\/09\/CARTEL-AGUA-VALENCIA-2025-baja-733x1024.jpg 733w, https:\/\/yapadu.es\/wp-content\/uploads\/2025\/09\/CARTEL-AGUA-VALENCIA-2025-baja-215x300.jpg 215w, https:\/\/yapadu.es\/wp-content\/uploads\/2025\/09\/CARTEL-AGUA-VALENCIA-2025-baja-768x1073.jpg 768w, https:\/\/yapadu.es\/wp-content\/uploads\/2025\/09\/CARTEL-AGUA-VALENCIA-2025-baja-1099x1536.jpg 1099w, https:\/\/yapadu.es\/wp-content\/uploads\/2025\/09\/CARTEL-AGUA-VALENCIA-2025-baja-1465x2048.jpg 1465w, https:\/\/yapadu.es\/wp-content\/uploads\/2025\/09\/CARTEL-AGUA-VALENCIA-2025-baja-scaled.jpg 1832w\" sizes=\"auto, (max-width: 733px) 100vw, 733px\" \/>\t\t\t\t\t\t\n\t\t\t\t\t<\/div>\n\t\t\t\t\t\t\t\t\n<style scope=\"scope\">\n\n#image_340382051 {\n  width: 70%;\n}\n<\/style>\n\t<\/div>\n\t\n\n\n<\/div><\/div>\n<div class=\"col medium-8 small-12 large-8\"  ><div class=\"col-inner\"  >\n\n<h2 class=\"uppercase\"><span style=\"font-size: 200%; color: #000;\" data-line-height=\"xl\"><strong>\u00abEL AGUA DE VALENCIA\u00bb<\/strong><\/span><\/h2>\n<h2 class=\"uppercase\"><span style=\"font-size: 100%; color: #000;\" data-line-height=\"xl\">FESTIVAL DE TEATRO CL\u00c1SICO DEL CASTILLO DE PE\u00d1\u00cdSCOLA 12 de julio<\/p>\n\n<\/div><\/div>\n\n<\/div>\n<div class=\"row\"  id=\"row-258591346\">\n\n<div class=\"col medium-4 small-12 large-4\"  ><div class=\"col-inner\"  >\n\n\t<div class=\"img has-hover x md-x lg-x y md-y lg-y\" id=\"image_1863200163\">\n\t\t\t\t\t\t\t\t<div class=\"img-inner dark\" >\n\t\t\t<img loading=\"lazy\" decoding=\"async\" width=\"733\" height=\"1024\" src=\"https:\/\/yapadu.es\/wp-content\/uploads\/2025\/09\/CARTEL-AGUA-VALENCIA-2025-baja-733x1024.jpg\" class=\"attachment-large size-large\" alt=\"CARTEL AGUA VALENCIA\" srcset=\"https:\/\/yapadu.es\/wp-content\/uploads\/2025\/09\/CARTEL-AGUA-VALENCIA-2025-baja-733x1024.jpg 733w, https:\/\/yapadu.es\/wp-content\/uploads\/2025\/09\/CARTEL-AGUA-VALENCIA-2025-baja-215x300.jpg 215w, https:\/\/yapadu.es\/wp-content\/uploads\/2025\/09\/CARTEL-AGUA-VALENCIA-2025-baja-768x1073.jpg 768w, https:\/\/yapadu.es\/wp-content\/uploads\/2025\/09\/CARTEL-AGUA-VALENCIA-2025-baja-1099x1536.jpg 1099w, https:\/\/yapadu.es\/wp-content\/uploads\/2025\/09\/CARTEL-AGUA-VALENCIA-2025-baja-1465x2048.jpg 1465w, https:\/\/yapadu.es\/wp-content\/uploads\/2025\/09\/CARTEL-AGUA-VALENCIA-2025-baja-scaled.jpg 1832w\" sizes=\"auto, (max-width: 733px) 100vw, 733px\" \/>\t\t\t\t\t\t\n\t\t\t\t\t<\/div>\n\t\t\t\t\t\t\t\t\n<style scope=\"scope\">\n\n#image_1863200163 {\n  width: 70%;\n}\n<\/style>\n\t<\/div>\n\t\n\n\n<\/div><\/div>\n<div class=\"col medium-8 small-12 large-8\"  ><div class=\"col-inner\"  >\n\n<h2 class=\"uppercase\"><span style=\"font-size: 200%; color: #000;\" data-line-height=\"xl\"><strong>\u00abEL AGUA DE VALENCIA\u00bb<\/strong><\/span><\/h2>\n<h2 class=\"uppercase\"><span style=\"font-size: 100%; color: #000;\" data-line-height=\"xl\">festival hispanoamericano del siglo de oro cl\u00e1sicos en ALCAL\u00c1 22 de juNIO<\/p>\n\n<\/div><\/div>\n\n<\/div>\n<div class=\"row\"  id=\"row-2036820710\">\n\n<div class=\"col medium-4 small-12 large-4\"  ><div class=\"col-inner\"  >\n\n\t<div class=\"img has-hover x md-x lg-x y md-y lg-y\" id=\"image_1008576665\">\n\t\t\t\t\t\t\t\t<div class=\"img-inner dark\" >\n\t\t\t<img loading=\"lazy\" decoding=\"async\" width=\"683\" height=\"1024\" src=\"https:\/\/yapadu.es\/wp-content\/uploads\/2025\/09\/CARTEL-OFICIAL-PADRE-NUESTRO-683x1024.jpg\" class=\"attachment-large size-large\" alt=\"\" srcset=\"https:\/\/yapadu.es\/wp-content\/uploads\/2025\/09\/CARTEL-OFICIAL-PADRE-NUESTRO-683x1024.jpg 683w, https:\/\/yapadu.es\/wp-content\/uploads\/2025\/09\/CARTEL-OFICIAL-PADRE-NUESTRO-200x300.jpg 200w, https:\/\/yapadu.es\/wp-content\/uploads\/2025\/09\/CARTEL-OFICIAL-PADRE-NUESTRO-768x1151.jpg 768w, https:\/\/yapadu.es\/wp-content\/uploads\/2025\/09\/CARTEL-OFICIAL-PADRE-NUESTRO-1025x1536.jpg 1025w, https:\/\/yapadu.es\/wp-content\/uploads\/2025\/09\/CARTEL-OFICIAL-PADRE-NUESTRO-1366x2048.jpg 1366w, https:\/\/yapadu.es\/wp-content\/uploads\/2025\/09\/CARTEL-OFICIAL-PADRE-NUESTRO-8x12.jpg 8w, https:\/\/yapadu.es\/wp-content\/uploads\/2025\/09\/CARTEL-OFICIAL-PADRE-NUESTRO-scaled.jpg 1708w\" sizes=\"auto, (max-width: 683px) 100vw, 683px\" \/>\t\t\t\t\t\t\n\t\t\t\t\t<\/div>\n\t\t\t\t\t\t\t\t\n<style scope=\"scope\">\n\n#image_1008576665 {\n  width: 70%;\n}\n<\/style>\n\t<\/div>\n\t\n\n\n<\/div><\/div>\n<div class=\"col medium-8 small-12 large-8\"  ><div class=\"col-inner\"  >\n\n<h2 class=\"uppercase\"><span style=\"font-size: 200%; color: #000;\" data-line-height=\"xl\"><strong>\u00abpadre nuestro\u00bb (estreno)<\/strong><\/span><\/h2>\n<p>&lt;<\/p>\n<h2 class=\"uppercase\"><span style=\"font-size: 100%; color: #000;\" data-line-height=\"xl\">valencia (sala carme teatre) 12 de junio<\/span><\/h2>\n\n<\/div><\/div>\n\n<\/div>\n<div class=\"row\"  id=\"row-1350152337\">\n\n<div class=\"col medium-4 small-12 large-4\"  ><div class=\"col-inner\"  >\n\n\t<div class=\"img has-hover x md-x lg-x y md-y lg-y\" id=\"image_883867330\">\n\t\t\t\t\t\t\t\t<div class=\"img-inner dark\" >\n\t\t\t<img loading=\"lazy\" decoding=\"async\" width=\"423\" height=\"1024\" src=\"https:\/\/yapadu.es\/wp-content\/uploads\/2025\/09\/contorsions-2025-roll-up-4-columna.jpg\" class=\"attachment-large size-large\" alt=\"\" \/>\t\t\t\t\t\t\n\t\t\t\t\t<\/div>\n\t\t\t\t\t\t\t\t\n<style scope=\"scope\">\n\n#image_883867330 {\n  width: 70%;\n}\n<\/style>\n\t<\/div>\n\t\n\n\n<\/div><\/div>\n<div class=\"col medium-8 small-12 large-8\"  ><div class=\"col-inner\"  >\n\n<h2 class=\"uppercase\"><span style=\"font-size: 200%; color: #000;\" data-line-height=\"xl\"><strong>FESTIVAL INTERNACIONAL DE CIRC DE VAL\u00c8NCIA<\/strong><\/span><\/h2>\n<h2 class=\"uppercase\"><span style=\"font-size: 100%; color: #000;\" data-line-height=\"xl\">Valencia 19-22 de juNIO<\/span><\/h2>\n\n<\/div><\/div>\n\n<\/div>\n<div class=\"row\"  id=\"row-1891942022\">\n\n<div class=\"col medium-4 small-12 large-4\"  ><div class=\"col-inner\"  >\n\n\t<div class=\"img has-hover x md-x lg-x y md-y lg-y\" id=\"image_1463335512\">\n\t\t\t\t\t\t\t\t<div class=\"img-inner dark\" >\n\t\t\t<img loading=\"lazy\" decoding=\"async\" width=\"733\" height=\"1024\" src=\"https:\/\/yapadu.es\/wp-content\/uploads\/2025\/09\/CARTEL-AGUA-VALENCIA-2025-baja-733x1024.jpg\" class=\"attachment-large size-large\" alt=\"CARTEL AGUA VALENCIA\" srcset=\"https:\/\/yapadu.es\/wp-content\/uploads\/2025\/09\/CARTEL-AGUA-VALENCIA-2025-baja-733x1024.jpg 733w, https:\/\/yapadu.es\/wp-content\/uploads\/2025\/09\/CARTEL-AGUA-VALENCIA-2025-baja-215x300.jpg 215w, https:\/\/yapadu.es\/wp-content\/uploads\/2025\/09\/CARTEL-AGUA-VALENCIA-2025-baja-768x1073.jpg 768w, https:\/\/yapadu.es\/wp-content\/uploads\/2025\/09\/CARTEL-AGUA-VALENCIA-2025-baja-1099x1536.jpg 1099w, https:\/\/yapadu.es\/wp-content\/uploads\/2025\/09\/CARTEL-AGUA-VALENCIA-2025-baja-1465x2048.jpg 1465w, https:\/\/yapadu.es\/wp-content\/uploads\/2025\/09\/CARTEL-AGUA-VALENCIA-2025-baja-scaled.jpg 1832w\" sizes=\"auto, (max-width: 733px) 100vw, 733px\" \/>\t\t\t\t\t\t\n\t\t\t\t\t<\/div>\n\t\t\t\t\t\t\t\t\n<style scope=\"scope\">\n\n#image_1463335512 {\n  width: 70%;\n}\n<\/style>\n\t<\/div>\n\t\n\n\n<\/div><\/div>\n<div class=\"col medium-8 small-12 large-8\"  ><div class=\"col-inner\"  >\n\n<h2 class=\"uppercase\"><span style=\"font-size: 200%; color: #000;\" data-line-height=\"xl\"><strong>\u00abagua DE VALeNCIA\u00bb<\/strong><\/span><\/h2>\n<h2 class=\"uppercase\"><span style=\"font-size: 100%; color: #000;\" data-line-height=\"xl\">MOSTRA DE TEATRE D\u2019 ALCOI 28 de may0<\/span><\/h2>\n\n<\/div><\/div>\n\n<\/div>\n<div class=\"row\"  id=\"row-715992666\">\n\n<div class=\"col medium-4 small-12 large-4\"  ><div class=\"col-inner\"  >\n\n\t<div class=\"img has-hover x md-x lg-x y md-y lg-y\" id=\"image_1268309166\">\n\t\t\t\t\t\t\t\t<div class=\"img-inner dark\" >\n\t\t\t<img loading=\"lazy\" decoding=\"async\" width=\"731\" height=\"1024\" src=\"https:\/\/yapadu.es\/wp-content\/uploads\/2025\/09\/JACK_CARTELL-menos-peso-1-731x1024.jpg\" class=\"attachment-large size-large\" alt=\"\" srcset=\"https:\/\/yapadu.es\/wp-content\/uploads\/2025\/09\/JACK_CARTELL-menos-peso-1-731x1024.jpg 731w, https:\/\/yapadu.es\/wp-content\/uploads\/2025\/09\/JACK_CARTELL-menos-peso-1-214x300.jpg 214w, https:\/\/yapadu.es\/wp-content\/uploads\/2025\/09\/JACK_CARTELL-menos-peso-1-768x1075.jpg 768w, https:\/\/yapadu.es\/wp-content\/uploads\/2025\/09\/JACK_CARTELL-menos-peso-1-1097x1536.jpg 1097w, https:\/\/yapadu.es\/wp-content\/uploads\/2025\/09\/JACK_CARTELL-menos-peso-1-1463x2048.jpg 1463w, https:\/\/yapadu.es\/wp-content\/uploads\/2025\/09\/JACK_CARTELL-menos-peso-1.jpg 1500w\" sizes=\"auto, (max-width: 731px) 100vw, 731px\" \/>\t\t\t\t\t\t\n\t\t\t\t\t<\/div>\n\t\t\t\t\t\t\t\t\n<style scope=\"scope\">\n\n#image_1268309166 {\n  width: 70%;\n}\n<\/style>\n\t<\/div>\n\t\n\n\n<\/div><\/div>\n<div class=\"col medium-8 small-12 large-8\"  ><div class=\"col-inner\"  >\n\n<h2 class=\"uppercase\"><span style=\"font-size: 200%; color: #000;\" data-line-height=\"xl\"><strong>\u00abafectuosamente suyo, jack el destripador\u00bb (estreno)<\/strong><\/span><\/h2>\n<p><<h2 class=\"uppercase\"><span style=\"font-size: 100%; color: #000;\" data-line-height=\"xl\">valencia (sala russafa) 18 de mayo<\/span><\/h2>\n\n<\/div><\/div>\n\n<\/div>","protected":false},"excerpt":{"rendered":"","protected":false},"author":1,"featured_media":0,"parent":0,"menu_order":0,"comment_status":"closed","ping_status":"closed","template":"page-blank.php","meta":{"footnotes":""},"class_list":["post-1361","page","type-page","status-publish","hentry"],"_links":{"self":[{"href":"https:\/\/yapadu.es\/ca\/wp-json\/wp\/v2\/pages\/1361","targetHints":{"allow":["GET"]}}],"collection":[{"href":"https:\/\/yapadu.es\/ca\/wp-json\/wp\/v2\/pages"}],"about":[{"href":"https:\/\/yapadu.es\/ca\/wp-json\/wp\/v2\/types\/page"}],"author":[{"embeddable":true,"href":"https:\/\/yapadu.es\/ca\/wp-json\/wp\/v2\/users\/1"}],"replies":[{"embeddable":true,"href":"https:\/\/yapadu.es\/ca\/wp-json\/wp\/v2\/comments?post=1361"}],"version-history":[{"count":111,"href":"https:\/\/yapadu.es\/ca\/wp-json\/wp\/v2\/pages\/1361\/revisions"}],"predecessor-version":[{"id":2161,"href":"https:\/\/yapadu.es\/ca\/wp-json\/wp\/v2\/pages\/1361\/revisions\/2161"}],"wp:attachment":[{"href":"https:\/\/yapadu.es\/ca\/wp-json\/wp\/v2\/media?parent=1361"}],"curies":[{"name":"wp","href":"https:\/\/api.w.org\/{rel}","templated":true}]}}